{"id":14,"date":"2017-03-03T22:46:47","date_gmt":"2017-03-03T21:46:47","guid":{"rendered":"http:\/\/192.168.0.12\/Latraversiere\/?page_id=14"},"modified":"2026-03-30T19:03:09","modified_gmt":"2026-03-30T17:03:09","slug":"accueil","status":"publish","type":"page","link":"https:\/\/latraversiere.fr\/en\/","title":{"rendered":"Home"},"content":{"rendered":"<div id=\"pl-14\"  class=\"panel-layout\" ><div id=\"pg-14-0\"  class=\"panel-grid panel-has-style\" ><div class=\"panel-row-style panel-row-style-for-14-0\" ><div id=\"pgc-14-0-0\"  class=\"panel-grid-cell\" ><div id=\"panel-14-0-0-0\" class=\"so-panel widget widget_sow-editor panel-first-child panel-last-child\" data-index=\"0\" ><div class=\"so-widget-sow-editor so-widget-sow-editor-base\">\n<div class=\"siteorigin-widget-tinymce textwidget\">\n\t<style>\n.qtranxs-available-languages-message{\ndisplay:none !important;\n}\n<\/style>\n<\/div>\n<\/div><\/div><\/div><\/div><\/div><div id=\"pg-14-1\"  class=\"panel-grid panel-has-style\" ><div class=\"siteorigin-panels-stretch panel-row-style panel-row-style-for-14-1\" data-stretch-type=\"full\" ><div id=\"pgc-14-1-0\"  class=\"panel-grid-cell\" ><div id=\"panel-14-1-0-0\" class=\"so-panel widget widget_sow-editor panel-first-child\" data-index=\"1\" ><div class=\"hidden-xs panel-widget-style panel-widget-style-for-14-1-0-0\" ><div class=\"so-widget-sow-editor so-widget-sow-editor-base\">\n<div class=\"siteorigin-widget-tinymce textwidget\">\n\t<div class=\"box\" style=\"float:right; position:relative; height:750px; width:500px; padding:30px; margin-right:10px !important; text-align:justify; margin:0; background-color:rgba(255,255,255,0.5);\">\n<p style=\"font-size:36px; text-align:center; font-weight:600; margin-top:30px\">VIIe Convention Internationale de la fl\u00fbte<\/p>\n<hr \/>\n<p style=\"font-size:14px\">Ouverte \u00e0 toutes et \u00e0 tous, quel que soit l\u2019\u00e2ge ou le niveau, la convention se veut un v\u00e9ritable festival de la fl\u00fbte, riche en d\u00e9couvertes et en rencontres.<\/p>\n<p style=\"font-size:14px\">Cette ann\u00e9e, la convention se tiendra en r\u00e9gion parisienne, au Conservatoire de Puteaux qui offre un cadre id\u00e9al pour accueillir concerts, masterclasses, conf\u00e9rences, ateliers et bien s\u00fbr, une tr\u00e8s grande exposition.<\/p>\n<p style=\"font-size:14px\"> Rendez-vous du 29 Octobre au 02 Novembre 2025 pour partager ce moment convivial ensemble !<\/p>\n<div class=\"col-xs-12\" style=\"text-align:center; opacity:100%; margin-top:20px;\">\n<style>\n#Stage_jbeeb_3 {\nmargin-left:auto !important;\nmargin-right:auto !important;\n}\n<\/style>\n<script>\nvar myCountdown4 = new Countdown({\nyear: 2025,\nmonth:10,\u00a0\nday:29,\nhour:6,\nampm:\"pm\",\nwidth:320,\u00a0\nheight:60,\u00a0\nrangeHi: \"month\",\nhideLine: 1,\ntimezone : 2, \u00a0 \/\/ (optional) Number of hours to offset (+\/- hours) from GMT for the target deadline location.\nnumbers: {\nfont : \"Arial\",\ncolor: \"#FFFFFF\",\nbkgd: \"#ff8f00\",\nrounded: 0.15,\nshadow: {\nx : 0,\ny : 3,\ns : 4,\nc : \"#000000\",\na : 0.4\n}\n},\nlabelText : {\n\u00a0 \u00a0 \u00a0 \u00a0 ms \u00a0 \u00a0 : \"MS\",\n\u00a0 \u00a0 \u00a0 \u00a0 second : \"SECONDES\",\n\u00a0 \u00a0 \u00a0 \u00a0 minute : \"MINUTES\",\n\u00a0 \u00a0 \u00a0 \u00a0 hour \u00a0 : \"HEURES\",\n\u00a0 \u00a0 \u00a0 \u00a0 day \u00a0 \u00a0: \"JOURS\",\n\u00a0 \u00a0 \u00a0 \u00a0 month \u00a0: \"MOIS\",\n\u00a0 \u00a0 \u00a0 \u00a0 year \u00a0 : \"ANS\" \/\/ <- no comma on last item!\n\u00a0 \u00a0 \u00a0 },\nlabels : {\n\u00a0 \u00a0 \u00a0 \u00a0 \u00a0font \u00a0 : \"Arial\",\n\u00a0 \u00a0 \u00a0 \u00a0 \u00a0color \u00a0: \"#565656\",\n\u00a0 \u00a0 \u00a0 \u00a0 \u00a0weight : \"normal\" \/\/ < - no comma on last item!\n\u00a0 \u00a0 \u00a0 \u00a0}\n});\n<\/script>\n<a href=\"https:\/\/latraversiere.fr\/evenements\/vii-convention-internationale-de-la-flute\/\" class=\"btn btn-default\" style=\"margin-top: 30px !important; margin-right:auto; margin-left:auto; background-color:rgb(255, 143, 0); color:white; border-color:rgb(255, 143, 0)\"><span class=\"fa fa-angle-double-right\"><\/span> RESERVEZ VOTRE PASS<\/a>\n<\/div>\n<\/div><\/div>\n<\/div><\/div><\/div><div id=\"panel-14-1-0-1\" class=\"so-panel widget widget_sow-editor panel-last-child\" data-index=\"2\" ><div class=\"visible-xs panel-widget-style panel-widget-style-for-14-1-0-1\" ><div class=\"so-widget-sow-editor so-widget-sow-editor-base\">\n<div class=\"siteorigin-widget-tinymce textwidget\">\n\t<div class=\"box\" style=\"height:550px; width:100%; padding:30px; margin-right:30px; text-align:justify; margin:0; color:black; background-color:rgba(255,255,255,0.5);\">\n<p style=\"font-size:36px; text-align:center; font-weight:600;\">VIIe Convention Internationale de la fl\u00fbte<\/p>\n<hr \/>\n<p style=\"font-size:14px\">Cette ann\u00e9e, la convention se tiendra en r\u00e9gion parisienne, au Conservatoire de Puteaux qui offre un cadre id\u00e9al pour accueillir concerts, masterclasses, conf\u00e9rences, ateliers et bien s\u00fbr, une tr\u00e8s grande exposition.<\/p>\n<p style=\"font-size:14px\">Nous avons h\u00e2te de vous y retrouver !<\/p>\n<div class=\"col-xs-12\" style=\"text-align:center; opacity:100%; margin-top:20px;\">\n<style>\n#Stage_jbeeb_3 {\nmargin-left:auto !important;\nmargin-right:auto !important;\n}\n<\/style>\n<a href=\"https:\/\/latraversiere.fr\/evenements\/vii-convention-internationale-de-la-flute\/\" class=\"btn btn-default\" style=\"margin-top: 30px !important; margin-right:auto; margin-left:auto; background-color:rgb(255, 143, 0); color:white; border-color:rgb(255, 143, 0)\"><span class=\"fa fa-angle-double-right\"><\/span> RESERVEZ VOTRE PASS<\/a>\n<\/div><\/div><\/div>\n<\/div><\/div><\/div><\/div><\/div><\/div><div id=\"pg-14-2\"  class=\"panel-grid panel-has-style\" ><div class=\"siteorigin-panels-stretch panel-row-style panel-row-style-for-14-2\" data-stretch-type=\"full-stretched\" ><div id=\"pgc-14-2-0\"  class=\"panel-grid-cell\" ><div id=\"panel-14-2-0-0\" class=\"so-panel widget widget_sow-editor panel-first-child\" data-index=\"3\" ><div class=\"hidden-xs panel-widget-style panel-widget-style-for-14-2-0-0\" ><div class=\"so-widget-sow-editor so-widget-sow-editor-base\">\n<div class=\"siteorigin-widget-tinymce textwidget\">\n\t<a href=\"https:\/\/latraversiere.fr\/evenements\/1er-concours-la-traversiere\/\" rel=\"noopener\"><div style=\"height:700px; width:100%;\"><\/div><\/a>\n<div class=\"box\" style=\"position:relative; top:-700px; height:700px; width:500px; padding:30px; margin-right:30px; text-align:justify; margin:0; background:#B8926A; color:white\">\n<div style=\"text-align:center;\"><img src=\"https:\/\/latraversiere.fr\/wp-content\/uploads\/2017\/03\/LOGO-Flutiste-blanc-1.png\" alt=\"LOGO La Traversi\u00e8re Blanc\" height=\"120px\" style=\"height:120px !important; width:auto; margin-left:auto; margin-right:auto;\" \/><\/div>\n<p style=\"font-size:36px; text-align:center; font-weight:600; line-height: 0; margin-top:30px\">1<sup>ER<\/sup> CONCOURS<\/p>\n<p style=\"font-size:36px; text-align:center; font-weight:600; line-height: 0; margin-top:30px\">LA TRAVERSI\u00c8RE<\/p>\n<hr \/>\n<p style=\"font-size:14px\">La Traversi\u00e8re organise son premier concours orient\u00e9 vers un public sp\u00e9cifique : les jeunes fl\u00fbtistes en cours de formation ou en d\u00e9but de carri\u00e8re professionnelle. L\u2019id\u00e9e est de cr\u00e9er un \u00e9v\u00e9nement o\u00f9 ces jeunes pourront se confronter \u00e0 leurs pairs, dans un cadre bienveillant et stimulant, tout en b\u00e9n\u00e9ficiant de l\u2019exp\u00e9rience et des conseils de professionnels. Enfin, l\u2019objectif est \u00e9galement d\u2019encourager la passion pour la fl\u00fbte et son r\u00e9pertoire ainsi que de soutenir le d\u00e9veloppement artistique de ces jeunes musiciens au d\u00e9but de leur carri\u00e8re.<\/p>\n<p style=\"font-size:14px\">Int\u00e9ress\u00e9 par participer ? Inscrivez-vous sans plus attendre<\/p>\n<hr \/>\n<div class=\"col-xs-12\">\n<a href=\"https:\/\/latraversiere.fr\/evenements\/1er-concours-la-traversiere\/\" class=\"btn btn-default white\" style=\"margin-top: 0px !important; color:white;\">S'INSCRIRE<\/a>\n<\/div>\n<\/div>\n<\/div>\n<\/div><\/div><\/div><div id=\"panel-14-2-0-1\" class=\"so-panel widget widget_sow-editor panel-last-child\" data-index=\"4\" ><div class=\"visible-xs panel-widget-style panel-widget-style-for-14-2-0-1\" ><div class=\"so-widget-sow-editor so-widget-sow-editor-base\">\n<div class=\"siteorigin-widget-tinymce textwidget\">\n\t<a href=\"https:\/\/latraversiere.fr\/evenements\/1er-concours-la-traversiere\/\" rel=\"noopener\"><div style=\"height:700px; width:100%;\"><\/div><\/a>\n<div class=\"box\" style=\"position:relative; top:-700px; height:700px; width:500px; padding:30px; margin-right:30px; text-align:justify; margin:0; background:#B8926A; color:white\">\n<div style=\"text-align:center;\"><img src=\"https:\/\/latraversiere.fr\/wp-content\/uploads\/2017\/03\/LOGO-Flutiste-blanc-1.png\" alt=\"LOGO La Traversi\u00e8re Blanc\" height=\"120px\" style=\"height:120px !important; width:auto; margin-left:auto; margin-right:auto;\" \/><\/div>\n<p style=\"font-size:36px; text-align:center; font-weight:600; line-height: 0; margin-top:30px\">1<sup>ER<\/sup> CONCOURS<\/p>\n<p style=\"font-size:36px; text-align:center; font-weight:600; line-height: 0; margin-top:30px\">LA TRAVERSI\u00c8RE<\/p>\n<hr \/>\n<p style=\"font-size:14px\">La Traversi\u00e8re organise son premier concours orient\u00e9 vers un public sp\u00e9cifique : les jeunes fl\u00fbtistes en cours de formation ou en d\u00e9but de carri\u00e8re professionnelle. L\u2019id\u00e9e est de cr\u00e9er un \u00e9v\u00e9nement o\u00f9 ces jeunes pourront se confronter \u00e0 leurs pairs, dans un cadre bienveillant et stimulant, tout en b\u00e9n\u00e9ficiant de l\u2019exp\u00e9rience et des conseils de professionnels. Enfin, l\u2019objectif est \u00e9galement d\u2019encourager la passion pour la fl\u00fbte et son r\u00e9pertoire ainsi que de soutenir le d\u00e9veloppement artistique de ces jeunes musiciens au d\u00e9but de leur carri\u00e8re.<\/p>\n<p style=\"font-size:14px\">Int\u00e9ress\u00e9 par participer ? Inscrivez-vous sans plus attendre<\/p>\n<hr \/>\n<div class=\"col-xs-12\">\n<a href=\"https:\/\/latraversiere.fr\/evenements\/1er-concours-la-traversiere\/\" class=\"btn btn-default white\" style=\"margin-top: 0px !important; color:white;\">S'INSCRIRE<\/a>\n<\/div>\n<\/div>\n<\/div>\n<\/div><\/div><\/div><\/div><\/div><\/div><div id=\"pg-14-3\"  class=\"panel-grid panel-has-style\" ><div class=\"siteorigin-panels-stretch panel-row-style panel-row-style-for-14-3\" data-stretch-type=\"full-stretched\" ><div id=\"pgc-14-3-0\"  class=\"panel-grid-cell\" ><div id=\"panel-14-3-0-0\" class=\"so-panel widget widget_sow-editor panel-first-child\" data-index=\"5\" ><div class=\"hidden-xs panel-widget-style panel-widget-style-for-14-3-0-0\" ><div class=\"so-widget-sow-editor so-widget-sow-editor-base\">\n<div class=\"siteorigin-widget-tinymce textwidget\">\n\t<div class=\"player\" style=\"height:700px;\" data-property=\"{videoURL:'https:\/\/youtu.be\/jDgyF1PZck4',containment:'self', showControls:false, autoPlay:true, loop:true, mute:true, startAt:0, opacity:1, addRaster:true, quality:'default'}\" style=\"background:#000;\">\n\n<div class=\"box teinte\" style=\"height:100%; width:500px; padding:30px; margin-right:30px; text-align:justify; margin:0; background:#3a5a67; color:white;\">\n<div style=\"text-align:center;\"><img src=\"https:\/\/latraversiere.fr\/wp-content\/uploads\/2017\/03\/LOGO-Flutiste-blanc-1-300x220.png\" alt=\"LOGO La Traversi\u00e8re Blanc\" height=\"120px\" style=\"height:120px !important; width:auto; margin-left:auto; margin-right:auto;\" \/><\/div>\n<p style=\"font-size:36px; text-align:center; font-weight:600; line-height: 0; margin-top:30px\">LA TRAVERSI\u00c8RE<\/p>\n<p style=\"font-size:18px; text-align:center;\">L'association fran\u00e7aise de la fl\u00fbte<\/p>\n<hr \/>\n<p style=\"font-size:14px\">Founded in 1983, La Traversi\u00e8re is today the preferred means of expression and communication for flutists.<\/p>\n<p style=\"font-size:14px\">Our objectives are to develop innovation, information and creation missions through the organization of events and partnerships, the publication of magazines, the production of records and many other things!<\/p>\n<hr \/>\n<p style=\"font-size:16px; font-weight:600; text-align:center;\">This association is yours, so join us now!<\/p>\n<hr \/>\n<div class=\"col-xs-6\">\n<a href=\"https:\/\/latraversiere.fr\/association\/\" class=\"btn btn-default white\" style=\"margin-top: 0px !important; color:white;\">DISCOVER THE ASSOCIATION<\/a>\n<\/div>\n<div class=\"col-xs-6\">\n<a href=\"https:\/\/latraversiere.fr\/adherer\/\" class=\"btn btn-default white\" style=\"margin-top: 0px !important; color:white;\">JOIN NOW<\/a>\n<\/div>\n<\/div>\n\n<\/div><\/div>\n<\/div><\/div><\/div><div id=\"panel-14-3-0-1\" class=\"so-panel widget widget_sow-editor panel-last-child\" data-index=\"6\" ><div class=\"visible-xs panel-widget-style panel-widget-style-for-14-3-0-1\" ><div class=\"so-widget-sow-editor so-widget-sow-editor-base\">\n<div class=\"siteorigin-widget-tinymce textwidget\">\n\t<div class=\"box\" style=\"height:700px; width:100%; padding:30px; margin-right:30px; text-align:justify; margin:0; background:#3a5a67; color:white;\">\n<div style=\"text-align:center;\"><img src=\"https:\/\/latraversiere.fr\/wp-content\/uploads\/2017\/03\/LOGO-Flutiste-blanc-1-300x220.png\" alt=\"LOGO La Traversi\u00e8re Blanc\" height=\"120px\" style=\"height:120px !important; width:auto; margin-left:auto; margin-right:auto;\" \/><\/div>\n<p style=\"font-size:36px; text-align:center; font-weight:600; line-height: 0; margin-top:30px\">LA TRAVERSI\u00c8RE<\/p>\n<p style=\"font-size:18px; text-align:center;\">L'association fran\u00e7aise de la fl\u00fbte<\/p>\n<hr \/>\n<p style=\"font-size:14px\">Fond\u00e9e en 1983, La Traversi\u00e8re est aujourd\u2019hui le moyen d\u2019expression et de communication privil\u00e9gi\u00e9 des fl\u00fbtistes.<\/p>\n<p style=\"font-size:14px\">Nos objectifs sont de d\u00e9velopper des missions d\u2019innovation, d\u2019information, et de cr\u00e9ation par l'organisation d'\u00e9v\u00e9nements et partenariats, la publication de magazines, la production de disques et beaucoup d'autres choses encore !<\/p>\n<hr \/>\n<p style=\"font-size:16px; font-weight:600; text-align:center;\">Cette association est avant tout la v\u00f4tre, alors rejoignez-nous d\u00e8s maintenant !<\/p>\n<hr \/>\n<div class=\"col-xs-6\">\n<a href=\"https:\/\/latraversiere.fr\/association\/\" class=\"btn btn-default white\" style=\"margin-top: 0px !important; color:white;\">D\u00c9COUVRIR L'ASSOCIATION<\/a>\n<\/div>\n<div class=\"col-xs-6\">\n<a href=\"https:\/\/latraversiere.fr\/adherer\/\" class=\"btn btn-default white\" style=\"margin-top: 0px !important; color:white;\">ADH\u00c9RER \u00c0 L'ASSOCIATION<\/a>\n<\/div>\n<\/div><\/div>\n<\/div><\/div><\/div><\/div><\/div><\/div><div id=\"pg-14-4\"  class=\"panel-grid panel-has-style\" ><div class=\"siteorigin-panels-stretch panel-row-style panel-row-style-for-14-4\" data-stretch-type=\"full\" ><div id=\"pgc-14-4-0\"  class=\"panel-grid-cell\" ><div id=\"panel-14-4-0-0\" class=\"so-panel widget widget_sow-editor panel-first-child panel-last-child\" data-index=\"7\" ><div class=\"so-widget-sow-editor so-widget-sow-editor-base\">\n<div class=\"siteorigin-widget-tinymce textwidget\">\n\t<h1 style=\"text-transform :none; font-weight:100;color:white\">Prix Vedrarias<\/h1>\n<div class=\"section-title-line\" style=\"background-color:white !important\"><\/div>\n<p><span style=\"color:white\">19 janvier 2025 \u00e0 Verri\u00e8res-le-Buisson (91370)<\/span><\/p>\n<p style=\"color:white\">La Traversi\u00e8re est partenaire du Concours de composition musicale Prix Vedrarias qui se tiendra le 19 janvier 2025 \u00e0 Verri\u00e8res-le-Buisson (91370)<\/p>\n<p style=\"color:white\">\n<p><a href=\"#\" class=\"btn btn-default white\">Plus d'infos<\/a><\/p>\n<\/div>\n<\/div><\/div><\/div><div id=\"pgc-14-4-1\"  class=\"panel-grid-cell\" ><div id=\"panel-14-4-1-0\" class=\"so-panel widget widget_sow-image panel-first-child panel-last-child\" data-index=\"8\" ><div class=\"so-widget-sow-image so-widget-sow-image-default-ab294a5857f7-14\">\n\n<div class=\"sow-image-container\">\n\t\t\t<a\n\t\t\thref=\"https:\/\/www.flutefestival.de\/fr\"\n\t\t\t\t\t>\n\t\t\t<img src=\"https:\/\/latraversiere.fr\/wp-content\/uploads\/2025\/01\/PHOTO-2025-01-09-10-04-40.jpg\" width=\"1131\" height=\"1600\" srcset=\"https:\/\/latraversiere.fr\/wp-content\/uploads\/2025\/01\/PHOTO-2025-01-09-10-04-40.jpg 1131w, https:\/\/latraversiere.fr\/wp-content\/uploads\/2025\/01\/PHOTO-2025-01-09-10-04-40-212x300.jpg 212w, https:\/\/latraversiere.fr\/wp-content\/uploads\/2025\/01\/PHOTO-2025-01-09-10-04-40-724x1024.jpg 724w, https:\/\/latraversiere.fr\/wp-content\/uploads\/2025\/01\/PHOTO-2025-01-09-10-04-40-768x1086.jpg 768w, https:\/\/latraversiere.fr\/wp-content\/uploads\/2025\/01\/PHOTO-2025-01-09-10-04-40-1086x1536.jpg 1086w, https:\/\/latraversiere.fr\/wp-content\/uploads\/2025\/01\/PHOTO-2025-01-09-10-04-40-180x255.jpg 180w, https:\/\/latraversiere.fr\/wp-content\/uploads\/2025\/01\/PHOTO-2025-01-09-10-04-40-300x424.jpg 300w, https:\/\/latraversiere.fr\/wp-content\/uploads\/2025\/01\/PHOTO-2025-01-09-10-04-40-600x849.jpg 600w\" sizes=\"(max-width: 1131px) 100vw, 1131px\" alt=\"\" loading=\"lazy\" \t\tclass=\"so-widget-image\"\/>\n\t<\/a><\/div>\n\n<\/div><\/div><\/div><\/div><\/div><div id=\"pg-14-5\"  class=\"panel-grid panel-has-style\" ><div class=\"siteorigin-panels-stretch panel-row-style panel-row-style-for-14-5\" data-stretch-type=\"full\" ><div id=\"pgc-14-5-0\"  class=\"panel-grid-cell\" ><div id=\"panel-14-5-0-0\" class=\"so-panel widget widget_siteorigin-panels-builder panel-first-child panel-last-child\" data-index=\"9\" ><div class=\"box panel-widget-style panel-widget-style-for-14-5-0-0\" ><div id=\"pl-w5b9fd71b54d38\"  class=\"panel-layout\" ><div id=\"pg-w5b9fd71b54d38-0\"  class=\"panel-grid panel-has-style\" ><div class=\"panel-row-style panel-row-style-for-w5b9fd71b54d38-0\" ><div id=\"pgc-w5b9fd71b54d38-0-0\"  class=\"panel-grid-cell\" ><div id=\"panel-w5b9fd71b54d38-0-0-0\" class=\"so-panel widget widget_sow-editor panel-first-child panel-last-child\" data-index=\"0\" ><div class=\"so-widget-sow-editor so-widget-sow-editor-base\">\n<div class=\"siteorigin-widget-tinymce textwidget\">\n\t<h1 style=\"text-transform :none; font-weight:100;\">Stay tuned<\/h1>\n<div class=\"section-title-line\" style=\"\"><\/div>\n<p>Be informed of all the latest flute news by following us on our website and on social media<\/p>\n<\/div>\n<\/div><\/div><\/div><\/div><\/div><div id=\"pg-w5b9fd71b54d38-1\"  class=\"panel-grid panel-no-style\" ><div id=\"pgc-w5b9fd71b54d38-1-0\"  class=\"panel-grid-cell\" ><div id=\"panel-w5b9fd71b54d38-1-0-0\" class=\"so-panel widget widget_sow-social-media-buttons panel-first-child panel-last-child\" data-index=\"1\" ><div class=\"so-widget-sow-social-media-buttons so-widget-sow-social-media-buttons-flat-5248a9e6eba5\">\n\n<div class=\"social-media-button-container\">\n\t\n\t\t<a class=\"ow-button-hover sow-social-media-button-facebook-0 sow-social-media-button\" title=\"LA TRAVERSIERE The french flute association sur Facebook\" aria-label=\"LA TRAVERSIERE The french flute association sur Facebook\" target=\"_blank\" rel=\"noopener noreferrer\" href=\"https:\/\/www.facebook.com\/traversieres\/\" >\n\t\t\t<span>\n\t\t\t\t\t\t\t\t<span class=\"sow-icon-fontawesome sow-fab\" data-sow-icon=\"&#xf39e;\"\n\t\t ><\/span>\t\t\t\t\t\t\t<\/span>\n\t\t<\/a>\n\t\n\t\t<a class=\"ow-button-hover sow-social-media-button-twitter-0 sow-social-media-button\" title=\"LA TRAVERSIERE The french flute association sur Twitter\" aria-label=\"LA TRAVERSIERE The french flute association sur Twitter\" target=\"_blank\" rel=\"noopener noreferrer\" href=\"https:\/\/twitter.com\/La_Traversiere\" >\n\t\t\t<span>\n\t\t\t\t\t\t\t\t<span class=\"sow-icon-fontawesome sow-fab\" data-sow-icon=\"&#xf099;\"\n\t\t ><\/span>\t\t\t\t\t\t\t<\/span>\n\t\t<\/a>\n\t\n\t\t<a class=\"ow-button-hover sow-social-media-button-instagram-0 sow-social-media-button\" title=\"LA TRAVERSIERE The french flute association sur Instagram\" aria-label=\"LA TRAVERSIERE The french flute association sur Instagram\" target=\"_blank\" rel=\"noopener noreferrer\" href=\"https:\/\/www.instagram.com\/la_traversiere\/\" >\n\t\t\t<span>\n\t\t\t\t\t\t\t\t<span class=\"sow-icon-fontawesome sow-fab\" data-sow-icon=\"&#xf16d;\"\n\t\t ><\/span>\t\t\t\t\t\t\t<\/span>\n\t\t<\/a>\n\t\n\t\t<a class=\"ow-button-hover sow-social-media-button-youtube-0 sow-social-media-button\" title=\"LA TRAVERSIERE The french flute association sur Youtube\" aria-label=\"LA TRAVERSIERE The french flute association sur Youtube\" target=\"_blank\" rel=\"noopener noreferrer\" href=\"https:\/\/www.youtube.com\/channel\/UC46MEQZI2BfRZNFUFqc59Sw\" >\n\t\t\t<span>\n\t\t\t\t\t\t\t\t<span class=\"sow-icon-fontawesome sow-fab\" data-sow-icon=\"&#xf167;\"\n\t\t ><\/span>\t\t\t\t\t\t\t<\/span>\n\t\t<\/a>\n\t<\/div>\n<\/div><\/div><\/div><\/div><\/div><\/div><\/div><\/div><div id=\"pgc-14-5-1\"  class=\"panel-grid-cell\" >\n        \n    <div class=\"carousel-news\" style=\"float:left; background-color:white;\">\n                    <span class=\"news-blocTitle\">From our Webzine<\/span>\n                <div class=\"news-list\">\n\n                            \n                <div class=\"news-item\">\n                    <div class=\"blog-top\" style='padding:0;'>\n                        <a href=\"\" class=\"blog-media-thumbnail\" style=\"background-color: transparent; color:#565656;\">\n                            <h4 style=\"text-align:left; text-transform:none !important; font-weight:100; margin-bottom:5px;\">Une s\u00e9lection de stages pour cet \u00e9t\u00e9 2026<\/h4>\n                        <\/a>\n                        <div class=\"section-title-line\" style=\"margin-bottom:0; float:left\"><\/div>\n                        <div class=\"clear\"><\/div>\n\n                        \n                        <div class=\"blog-details\" style=\"text-align:left;\">\n                            <span style=\"padding-right: 6px;\"><i class='fa fa-clock-o'><\/i>  Sunday April 12th, 2026<\/span>\n                            <a href=\"https:\/\/latraversiere.fr\/en\/webzine\/category\/actualite\/\"><i class='fa fa-folder-open-o'><\/i>  Actualit\u00e9s<\/a>\n                        <\/div>\n                    <\/div>\n                    <div class=\"blog-bottom\">\n                        <div class=\"blog-content\">\n                            <p>Quels que soient votre niveau et vos envies, les stages d\u2019\u00e9t\u00e9 sont toujours l\u2019occasion de progresser et de faire des rencontres musicales inspirantes. Cette ann\u00e9e encore, La Traversi\u00e8re a r\u00e9uni pour vous une liste de stages !<\/p>\n                        <\/div>\n                        <div class=\"row\">\n                            <div class=\"col-md-6\">\n                                <a href=\"https:\/\/latraversiere.fr\/en\/webzine\/actualite\/une-selection-de-stages-pour-cet-ete-2026\/\" class=\"blog-more\">\n                                    Read more                                    <i class=\"fa fa-angle-right\" style=\"padding-left: 5px;\"><\/i>\n                                <\/a>\n                            <\/div>\n                        <\/div>\n                    <\/div>     \n                <\/div>\n                \n                            \n                <div class=\"news-item\">\n                    <div class=\"blog-top\" style='padding:0;'>\n                        <a href=\"\" class=\"blog-media-thumbnail\" style=\"background-color: transparent; color:#565656;\">\n                            <h4 style=\"text-align:left; text-transform:none !important; font-weight:100; margin-bottom:5px;\">R\u00e9trospective\u00a0: La VII\u00b0 Convention Internationale de la Fl\u00fbte 2025<\/h4>\n                        <\/a>\n                        <div class=\"section-title-line\" style=\"margin-bottom:0; float:left\"><\/div>\n                        <div class=\"clear\"><\/div>\n\n                        \n                        <div class=\"blog-details\" style=\"text-align:left;\">\n                            <span style=\"padding-right: 6px;\"><i class='fa fa-clock-o'><\/i>  Thursday March 12th, 2026<\/span>\n                            <a href=\"https:\/\/latraversiere.fr\/en\/webzine\/category\/retrospectives\/\"><i class='fa fa-folder-open-o'><\/i>  R\u00e9trospectives<\/a>\n                        <\/div>\n                    <\/div>\n                    <div class=\"blog-bottom\">\n                        <div class=\"blog-content\">\n                            <p>Sorry, this entry is only available in French. For the sake of viewer convenience, the content is shown below in the alternative language. You may click the link to switch the active language. Organis\u00e9e par l\u2019Association Fran\u00e7aise de la Fl\u00fbte La Traversi\u00e8re depuis 1996, la Convention Internationale de la Fl\u00fbte s\u2019est impos\u00e9e au fil des [&hellip;]<\/p>\n                        <\/div>\n                        <div class=\"row\">\n                            <div class=\"col-md-6\">\n                                <a href=\"https:\/\/latraversiere.fr\/en\/webzine\/retrospectives\/retrospective-la-vii-convention-internationale-de-la-flute-2025\/\" class=\"blog-more\">\n                                    Read more                                    <i class=\"fa fa-angle-right\" style=\"padding-left: 5px;\"><\/i>\n                                <\/a>\n                            <\/div>\n                        <\/div>\n                    <\/div>     \n                <\/div>\n                \n                            \n                <div class=\"news-item\">\n                    <div class=\"blog-top\" style='padding:0;'>\n                        <a href=\"\" class=\"blog-media-thumbnail\" style=\"background-color: transparent; color:#565656;\">\n                            <h4 style=\"text-align:left; text-transform:none !important; font-weight:100; margin-bottom:5px;\">Bold and Fascinating Jasmine Choi<\/h4>\n                        <\/a>\n                        <div class=\"section-title-line\" style=\"margin-bottom:0; float:left\"><\/div>\n                        <div class=\"clear\"><\/div>\n\n                        \n                        <div class=\"blog-details\" style=\"text-align:left;\">\n                            <span style=\"padding-right: 6px;\"><i class='fa fa-clock-o'><\/i>  Thursday May 15th, 2025<\/span>\n                            <a href=\"https:\/\/latraversiere.fr\/en\/webzine\/category\/entretien\/\"><i class='fa fa-folder-open-o'><\/i>  Entretiens<\/a>\n                        <\/div>\n                    <\/div>\n                    <div class=\"blog-bottom\">\n                        <div class=\"blog-content\">\n                            <p>Discover our portrait of Jasmine Choi, a unique artistic personality, rich in passion, talent, and determination.<br \/>\nPhoto: \u00a9 Hyemi Kim<\/p>\n                        <\/div>\n                        <div class=\"row\">\n                            <div class=\"col-md-6\">\n                                <a href=\"https:\/\/latraversiere.fr\/en\/webzine\/portrait\/audacieuse-et-fascinante-jasmine-choi\/\" class=\"blog-more\">\n                                    Read more                                    <i class=\"fa fa-angle-right\" style=\"padding-left: 5px;\"><\/i>\n                                <\/a>\n                            <\/div>\n                        <\/div>\n                    <\/div>     \n                <\/div>\n                \n                    <\/div>\n        <div class=\"bottom-news\">\n            <a href=\"https:\/\/latraversiere.fr\/webzine\/\" class=\"btn btn-default blue\">VOIR LES ARTICLES<\/a>\n        <\/div>\n    <\/div>\n    <div class=\"clear\"><\/div>\n\n    <\/div>\n    <\/div><\/div><\/div><div id=\"pg-14-6\"  class=\"panel-grid panel-has-style\" ><div class=\"siteorigin-panels-stretch panel-row-style panel-row-style-for-14-6\" id=\"inscription_newsletter\" data-stretch-type=\"full\" ><div id=\"pgc-14-6-0\"  class=\"panel-grid-cell\" ><div id=\"panel-14-6-0-0\" class=\"so-panel widget widget_sow-editor panel-first-child panel-last-child\" data-index=\"11\" ><div class=\"so-widget-sow-editor so-widget-sow-editor-base\">\n<div class=\"siteorigin-widget-tinymce textwidget\">\n\t<div class=\"icon-features\" style=\"background-color:white\"><i class=\"fa fa-paper-plane-o\" style=\"color:#0fa4d8\"><\/i><\/div>\n<h3 style=\"color:white\">Newsletter<\/h3>\n<div class=\"col-md-offset-2 col-md-8 col-xs-12\" style=\"color:white;text-align:center;\">\nRegister here to receive all the latest news from La Traversi\u00e8re, and be notified of all promotions and News!\n\n<\/div>\n<div style=\"clear:both\"><\/div>\n<a class=\"btn btn-default white popup-newsletter\" href=\"#newsletter-form\" style=\"color:white;\">I SUBSCRIBE !<\/a><\/div>\n<\/div><\/div><\/div><\/div><\/div><div id=\"pg-14-7\"  class=\"panel-grid panel-has-style\" ><div class=\"siteorigin-panels-stretch panel-row-style panel-row-style-for-14-7\" data-stretch-type=\"full\" ><div id=\"pgc-14-7-0\"  class=\"panel-grid-cell\" ><div id=\"panel-14-7-0-0\" class=\"so-panel widget widget_sow-editor panel-first-child panel-last-child\" data-index=\"12\" ><div class=\"panel-widget-style panel-widget-style-for-14-7-0-0\" ><div class=\"so-widget-sow-editor so-widget-sow-editor-base\">\n<div class=\"siteorigin-widget-tinymce textwidget\">\n\t<h1 style=\"text-transform :none; font-weight:100;\">Share your events<\/h1>\n<div class=\"section-title-line\" style=\"\"><\/div>\n<p>You are organizing an event around the flute? Whether it's a concert, a festival, a flute exhibition or something else, post your event! <em>(only available to members)<\/em><\/p>\n<p><a href=\"https:\/\/latraversiere.fr\/espace-adherents\/soumettre-un-evenement\/\" class=\"btn btn-default blue\">Submit your event<\/a><\/p>\n<\/div>\n<\/div><\/div><\/div><\/div><div id=\"pgc-14-7-1\"  class=\"panel-grid-cell\" ><div id=\"panel-14-7-1-0\" class=\"so-panel widget widget_maskitto_event panel-first-child panel-last-child\" data-index=\"13\" ><div class=\"panel-widget-style panel-widget-style-for-14-7-1-0\" >        <ul class='event-list'><div class='css-events-list'>\n \n                        <article class='row' style='background:white; margin-bottom:20px; padding:20px; box-shadow: 0 2px 2px 0 rgba(0, 0, 0, .14), 0 3px 1px -2px rgba(0, 0, 0, .2), 0 1px 5px 0 rgba(0, 0, 0, .12);'>\n                            \n                              <div class='col-lg-2 col-sm-3 hidden-xs' style='color: #32a3c3;; height:100%; border-right: 1px solid #F2F2F2'>\n                                    <time class='spectacle-musical' datetime='2014-07-20 2000' style='text-align:center; vertical-align:center;'>\n                                        <span style='display: block; font-size: 20pt; font-weight: 100; line-height: 1.4;'>26<\/span>\n                                        <span class='event_mois' style='display: block; font-size: 15pt; font-weight: 700; line-height: 1.2;'>Apr<\/span>\n                                        <span style='display: block; font-size: 10pt; font-weight: 700; line-height: 1.7;'>2026<\/span>\n                                    <\/time>\n                              <\/div>\n\n                              <div class='col-lg-8 col-sm-7 col-xs-12'>\n                                    <a href='https:\/\/latraversiere.fr\/en\/evenements\/spectacle-musical-tout-public-siyotanka-le-baton-qui-chante-9\/'>\n                                        <h4 style='text-align:left; font-weight:100; font-size: 1.1em !important;color: #565656; margin-bottom:0px;'>Spectacle musical tout public SIYOTANKA LE B\u00c2TON QUI CHANTE<\/h4>\n                                    <\/a>\n                                    <p style='color:#999; margin-bottom: 0; font-size:14px;'>\n                                        <i class='fa fa-clock-o'><\/i> 26 April 2026 -  17:00 \n                                    <\/p>\n                                    <p style='color:#999; font-size:14px;'>\n                                        <i class='fa fa-tags'><\/i> Spectacle Musical\n                                          |  \n                                        <i class='fa fa-map-marker'><\/i> MACHILLY - France\n                                    <\/p>\n                              <\/div>\n\n                              <div class='col-md-2 hidden-xs hidden-sm' style='text-align:center; margin:auto;'>\n                                    <a href='https:\/\/latraversiere.fr\/en\/evenements\/spectacle-musical-tout-public-siyotanka-le-baton-qui-chante-9\/'>\n                                        \n                                    <\/a>\n                              <\/div>\n\n                        <\/article>\n                    \n        \n \n                        <article class='row' style='background:white; margin-bottom:20px; padding:20px; box-shadow: 0 2px 2px 0 rgba(0, 0, 0, .14), 0 3px 1px -2px rgba(0, 0, 0, .2), 0 1px 5px 0 rgba(0, 0, 0, .12);'>\n                            \n                              <div class='col-lg-2 col-sm-3 hidden-xs' style='color: #32a3c3;; height:100%; border-right: 1px solid #F2F2F2'>\n                                    <time class='concert' datetime='2014-07-20 2000' style='text-align:center; vertical-align:center;'>\n                                        <span style='display: block; font-size: 20pt; font-weight: 100; line-height: 1.4;'>28<\/span>\n                                        <span class='event_mois' style='display: block; font-size: 15pt; font-weight: 700; line-height: 1.2;'>May<\/span>\n                                        <span style='display: block; font-size: 10pt; font-weight: 700; line-height: 1.7;'>2026<\/span>\n                                    <\/time>\n                              <\/div>\n\n                              <div class='col-lg-8 col-sm-7 col-xs-12'>\n                                    <a href='https:\/\/latraversiere.fr\/en\/evenements\/flamencuras-concert-pour-flute-et-basson\/'>\n                                        <h4 style='text-align:left; font-weight:100; font-size: 1.1em !important;color: #565656; margin-bottom:0px;'>Flamencuras (concert pour fl\u00fbte et basson)<\/h4>\n                                    <\/a>\n                                    <p style='color:#999; margin-bottom: 0; font-size:14px;'>\n                                        <i class='fa fa-clock-o'><\/i> 28 May 2026 -  19:30 \n                                    <\/p>\n                                    <p style='color:#999; font-size:14px;'>\n                                        <i class='fa fa-tags'><\/i> Concert\n                                          |  \n                                        <i class='fa fa-map-marker'><\/i> Massy - France\n                                    <\/p>\n                              <\/div>\n\n                              <div class='col-md-2 hidden-xs hidden-sm' style='text-align:center; margin:auto;'>\n                                    <a href='https:\/\/latraversiere.fr\/en\/evenements\/flamencuras-concert-pour-flute-et-basson\/'>\n                                         <img width=\"122\" height=\"122\" src=\"https:\/\/latraversiere.fr\/wp-content\/uploads\/2026\/04\/Gavarnie-Ensemble_photo-150x150.jpg\" class=\"attachment-0x122 size-0x122 wp-post-image\" alt=\"Flamencuras (concert pour fl\u00fbte et basson)\" loading=\"lazy\" \/> \n                                    <\/a>\n                              <\/div>\n\n                        <\/article>\n                    \n        \n \n                        <article class='row' style='background:white; margin-bottom:20px; padding:20px; box-shadow: 0 2px 2px 0 rgba(0, 0, 0, .14), 0 3px 1px -2px rgba(0, 0, 0, .2), 0 1px 5px 0 rgba(0, 0, 0, .12);'>\n                            \n                              <div class='col-lg-2 col-sm-3 hidden-xs' style='color: #32a3c3;; height:100%; border-right: 1px solid #F2F2F2'>\n                                    <time class='concert' datetime='2014-07-20 2000' style='text-align:center; vertical-align:center;'>\n                                        <span style='display: block; font-size: 20pt; font-weight: 100; line-height: 1.4;'>03<\/span>\n                                        <span class='event_mois' style='display: block; font-size: 15pt; font-weight: 700; line-height: 1.2;'>Jun<\/span>\n                                        <span style='display: block; font-size: 10pt; font-weight: 700; line-height: 1.7;'>2026<\/span>\n                                    <\/time>\n                              <\/div>\n\n                              <div class='col-lg-8 col-sm-7 col-xs-12'>\n                                    <a href='https:\/\/latraversiere.fr\/en\/evenements\/flamencuras-concert-pour-flute-et-basson-2\/'>\n                                        <h4 style='text-align:left; font-weight:100; font-size: 1.1em !important;color: #565656; margin-bottom:0px;'>Flamencuras (concert pour fl\u00fbte et basson)<\/h4>\n                                    <\/a>\n                                    <p style='color:#999; margin-bottom: 0; font-size:14px;'>\n                                        <i class='fa fa-clock-o'><\/i> 03 June 2026 -  19:00 \n                                    <\/p>\n                                    <p style='color:#999; font-size:14px;'>\n                                        <i class='fa fa-tags'><\/i> Concert\n                                          |  \n                                        <i class='fa fa-map-marker'><\/i> Paris - France\n                                    <\/p>\n                              <\/div>\n\n                              <div class='col-md-2 hidden-xs hidden-sm' style='text-align:center; margin:auto;'>\n                                    <a href='https:\/\/latraversiere.fr\/en\/evenements\/flamencuras-concert-pour-flute-et-basson-2\/'>\n                                         <img width=\"122\" height=\"122\" src=\"https:\/\/latraversiere.fr\/wp-content\/uploads\/2026\/04\/Gavarnie-Ensemble_photo-1-150x150.jpg\" class=\"attachment-0x122 size-0x122 wp-post-image\" alt=\"Flamencuras (concert pour fl\u00fbte et basson)\" loading=\"lazy\" \/> \n                                    <\/a>\n                              <\/div>\n\n                        <\/article>\n                    \n        <\/div><\/ul><a href='https:\/\/latraversiere.fr\/en\/evenements\/' class='btn btn-default blue' style='margin-bottom:30px;'>VOIR TOUS LES PROCHAINS EVENEMENTS<\/a><div class='clear'><\/div><\/div><\/div><\/div><\/div><\/div><div id=\"pg-14-8\"  class=\"panel-grid panel-no-style\" ><div id=\"pgc-14-8-0\"  class=\"panel-grid-cell\" >\n        <div class=\"page-section page-blog\" style=\"background:none !important; padding: 0px 0!important;\">\n             <div id=\"panel-14-8-0-0\" class=\"so-panel widget widget_maskitto_magazines panel-first-child panel-last-child\" data-index=\"14\" >\n            <div class=\"container\" style=\"max-width: 980px; padding: 70px 0!important;\">\n\n                <div class=\"section-title text-center\">\n                                                                            <\/div>\n\n                <div class=\"magazines-homebox\">\n                                                                                            <a href=\"https:\/\/latraversiere.fr\/en\/boutique\/traversieres-magazine\/traversieres-magazine-n156\/\"><div class=\"magazine-last-cover-home\"><img width=\"1810\" height=\"2560\" src=\"https:\/\/latraversiere.fr\/wp-content\/uploads\/2026\/03\/TM156_Cover-scaled.jpg\" class=\"attachment-SHOP_SINGLE size-SHOP_SINGLE wp-post-image\" alt=\"Traversi\u00e8res Magazine N\u00b0156\" loading=\"lazy\" srcset=\"https:\/\/latraversiere.fr\/wp-content\/uploads\/2026\/03\/TM156_Cover-scaled.jpg 1810w, https:\/\/latraversiere.fr\/wp-content\/uploads\/2026\/03\/TM156_Cover-212x300.jpg 212w, https:\/\/latraversiere.fr\/wp-content\/uploads\/2026\/03\/TM156_Cover-724x1024.jpg 724w, https:\/\/latraversiere.fr\/wp-content\/uploads\/2026\/03\/TM156_Cover-768x1086.jpg 768w, https:\/\/latraversiere.fr\/wp-content\/uploads\/2026\/03\/TM156_Cover-1086x1536.jpg 1086w, https:\/\/latraversiere.fr\/wp-content\/uploads\/2026\/03\/TM156_Cover-1448x2048.jpg 1448w, https:\/\/latraversiere.fr\/wp-content\/uploads\/2026\/03\/TM156_Cover-180x255.jpg 180w, https:\/\/latraversiere.fr\/wp-content\/uploads\/2026\/03\/TM156_Cover-300x424.jpg 300w, https:\/\/latraversiere.fr\/wp-content\/uploads\/2026\/03\/TM156_Cover-600x848.jpg 600w\" sizes=\"(max-width: 1810px) 100vw, 1810px\" \/><\/div><\/a>\n                            <div class=\"row\">\n                        \n                                                \n                                                                                            <div class=\"col-xs-3\" style=\"text-align:center;\">\n                                <a href=\"https:\/\/latraversiere.fr\/en\/boutique\/traversieres-magazine\/traversieres-magazine-n155\/\"><div class=\"magazine-cover-home\"><img width=\"1810\" height=\"2560\" src=\"https:\/\/latraversiere.fr\/wp-content\/uploads\/2025\/10\/TM155_Cover-scaled.jpg\" class=\"attachment-SHOP_CATALOG size-SHOP_CATALOG wp-post-image\" alt=\"\" loading=\"lazy\" srcset=\"https:\/\/latraversiere.fr\/wp-content\/uploads\/2025\/10\/TM155_Cover-scaled.jpg 1810w, https:\/\/latraversiere.fr\/wp-content\/uploads\/2025\/10\/TM155_Cover-212x300.jpg 212w, https:\/\/latraversiere.fr\/wp-content\/uploads\/2025\/10\/TM155_Cover-724x1024.jpg 724w, https:\/\/latraversiere.fr\/wp-content\/uploads\/2025\/10\/TM155_Cover-768x1086.jpg 768w, https:\/\/latraversiere.fr\/wp-content\/uploads\/2025\/10\/TM155_Cover-1086x1536.jpg 1086w, https:\/\/latraversiere.fr\/wp-content\/uploads\/2025\/10\/TM155_Cover-1448x2048.jpg 1448w, https:\/\/latraversiere.fr\/wp-content\/uploads\/2025\/10\/TM155_Cover-180x255.jpg 180w, https:\/\/latraversiere.fr\/wp-content\/uploads\/2025\/10\/TM155_Cover-300x424.jpg 300w, https:\/\/latraversiere.fr\/wp-content\/uploads\/2025\/10\/TM155_Cover-600x848.jpg 600w\" sizes=\"(max-width: 1810px) 100vw, 1810px\" \/><\/div><\/a>\n                            <\/div>\n                                                \n                                                                                            <div class=\"col-xs-3\" style=\"text-align:center;\">\n                                <a href=\"https:\/\/latraversiere.fr\/en\/boutique\/traversieres-magazine\/traversieres-magazine-n154\/\"><div class=\"magazine-cover-home\"><img width=\"1810\" height=\"2560\" src=\"https:\/\/latraversiere.fr\/wp-content\/uploads\/2025\/08\/TM154_Cover-scaled.jpg\" class=\"attachment-SHOP_CATALOG size-SHOP_CATALOG wp-post-image\" alt=\"\" loading=\"lazy\" srcset=\"https:\/\/latraversiere.fr\/wp-content\/uploads\/2025\/08\/TM154_Cover-scaled.jpg 1810w, https:\/\/latraversiere.fr\/wp-content\/uploads\/2025\/08\/TM154_Cover-212x300.jpg 212w, https:\/\/latraversiere.fr\/wp-content\/uploads\/2025\/08\/TM154_Cover-724x1024.jpg 724w, https:\/\/latraversiere.fr\/wp-content\/uploads\/2025\/08\/TM154_Cover-768x1086.jpg 768w, https:\/\/latraversiere.fr\/wp-content\/uploads\/2025\/08\/TM154_Cover-1086x1536.jpg 1086w, https:\/\/latraversiere.fr\/wp-content\/uploads\/2025\/08\/TM154_Cover-1448x2048.jpg 1448w, https:\/\/latraversiere.fr\/wp-content\/uploads\/2025\/08\/TM154_Cover-180x255.jpg 180w, https:\/\/latraversiere.fr\/wp-content\/uploads\/2025\/08\/TM154_Cover-300x424.jpg 300w, https:\/\/latraversiere.fr\/wp-content\/uploads\/2025\/08\/TM154_Cover-600x849.jpg 600w\" sizes=\"(max-width: 1810px) 100vw, 1810px\" \/><\/div><\/a>\n                            <\/div>\n                                                \n                                                                                            <div class=\"col-xs-3\" style=\"text-align:center;\">\n                                <a href=\"https:\/\/latraversiere.fr\/en\/boutique\/traversieres-magazine\/traversieres-magazine-n153\/\"><div class=\"magazine-cover-home\"><img width=\"1653\" height=\"2338\" src=\"https:\/\/latraversiere.fr\/wp-content\/uploads\/2025\/05\/TraversieresMagazine-153-Cover.jpeg\" class=\"attachment-SHOP_CATALOG size-SHOP_CATALOG wp-post-image\" alt=\"Traversieres Magazine 153 Cover\" loading=\"lazy\" srcset=\"https:\/\/latraversiere.fr\/wp-content\/uploads\/2025\/05\/TraversieresMagazine-153-Cover.jpeg 1653w, https:\/\/latraversiere.fr\/wp-content\/uploads\/2025\/05\/TraversieresMagazine-153-Cover-212x300.jpeg 212w, https:\/\/latraversiere.fr\/wp-content\/uploads\/2025\/05\/TraversieresMagazine-153-Cover-724x1024.jpeg 724w, https:\/\/latraversiere.fr\/wp-content\/uploads\/2025\/05\/TraversieresMagazine-153-Cover-768x1086.jpeg 768w, https:\/\/latraversiere.fr\/wp-content\/uploads\/2025\/05\/TraversieresMagazine-153-Cover-1086x1536.jpeg 1086w, https:\/\/latraversiere.fr\/wp-content\/uploads\/2025\/05\/TraversieresMagazine-153-Cover-1448x2048.jpeg 1448w, https:\/\/latraversiere.fr\/wp-content\/uploads\/2025\/05\/TraversieresMagazine-153-Cover-180x255.jpeg 180w, https:\/\/latraversiere.fr\/wp-content\/uploads\/2025\/05\/TraversieresMagazine-153-Cover-300x424.jpeg 300w, https:\/\/latraversiere.fr\/wp-content\/uploads\/2025\/05\/TraversieresMagazine-153-Cover-600x849.jpeg 600w\" sizes=\"(max-width: 1653px) 100vw, 1653px\" \/><\/div><\/a>\n                            <\/div>\n                                                \n                                                                                            <div class=\"col-xs-3\" style=\"text-align:center;\">\n                                <a href=\"https:\/\/latraversiere.fr\/en\/boutique\/traversieres-magazine\/traversieres-magazine-n152\/\"><div class=\"magazine-cover-home\"><img width=\"595\" height=\"841\" src=\"https:\/\/latraversiere.fr\/wp-content\/uploads\/2025\/03\/TM152_cover.jpg\" class=\"attachment-SHOP_CATALOG size-SHOP_CATALOG wp-post-image\" alt=\"\" loading=\"lazy\" srcset=\"https:\/\/latraversiere.fr\/wp-content\/uploads\/2025\/03\/TM152_cover.jpg 595w, https:\/\/latraversiere.fr\/wp-content\/uploads\/2025\/03\/TM152_cover-212x300.jpg 212w, https:\/\/latraversiere.fr\/wp-content\/uploads\/2025\/03\/TM152_cover-180x254.jpg 180w, https:\/\/latraversiere.fr\/wp-content\/uploads\/2025\/03\/TM152_cover-300x424.jpg 300w\" sizes=\"(max-width: 595px) 100vw, 595px\" \/><\/div><\/a>\n                            <\/div>\n                                                \n                                        \n                            <\/div> <!-- End Row -->\n                                    <\/div>\n\n            <\/div>\n\n            <\/div>        <\/div>\n    <\/div><div id=\"pgc-14-8-1\"  class=\"panel-grid-cell\" ><div id=\"panel-14-8-1-0\" class=\"so-panel widget widget_sow-editor panel-first-child panel-last-child\" data-index=\"15\" ><div class=\"panel-widget-style panel-widget-style-for-14-8-1-0\" ><div class=\"so-widget-sow-editor so-widget-sow-editor-base\">\n<div class=\"siteorigin-widget-tinymce textwidget\">\n\t<h1 style=\"text-transform :none; font-weight:100;\">Our magazines,<br \/> for you !<\/h1>\n<div class=\"section-title-line\" style=\"\"><\/div>\n<div class=\"clear\"><\/div>\n<p style=\"text-align:justify;\">Discover Traversi\u00e8res Magazine: the official magazine of the French flute association. Its content has been especially designed and written for you! Traversi\u00e8res Magazine periodically offers articles of high quality written by flute professionals and accessible to everyone. Traversi\u00e8res Magazine has also a section Kiosque written by our team to keep you informed, and to give you our opinion on all new releases CDs, sheet music, books... Thanks to Traversi\u00e8res Magazine, you also benefit from special offers!<\/p>\n<p><a href=\"https:\/\/latraversiere.fr\/adherer\/\" class=\"btn btn-default blue\">Join the association<\/a><\/p>\n<\/div>\n<\/div><\/div><\/div><\/div><\/div><div id=\"pg-14-9\"  class=\"panel-grid panel-no-style\" ><div id=\"pgc-14-9-0\"  class=\"panel-grid-cell\" >\n            <style>\n            .slick-dots {display: none !important;}\n        <\/style>\n     \n\n    <div class=\"\" style=\"\">\n                    <div class=\"blog-top\" style=\"margin-top:50px;\">\n                <span class=\"blog-title\" style=\"font-size: 21px;\">\n                    <div class=\"section-title text-center\">\n                        <h3>Projets soutenus par La Traversi\u00e8re<\/h3>\n                        <div class=\"section-title-line\" style=\"margin-bottom:0;\"><\/div>\n                    <\/div>\n                <\/span>   \n            <\/div>\n                \n        <div class=\"news-list\">\n\n            \n                <div class=\"news-item\">\n                    <div class=\"project-image\" style=\"text-align:center; padding-top:50px; padding-bottom:50px;\">\n                        <a href=\"https:\/\/latraversiere.fr\/en\/association\/projets-soutenus\/enregistrement-de-outlaws-ludivine-issambourg\/\">\n                            <img style=\"max-width:80%; height:auto; margin:auto;box-shadow:0 20px 70px rgba(0,0,0,0.14),0 20px 70px rgba(0,0,0,0.12); box-shadow:0 20px 30px rgba(0,0,0,0.14),0px 0px 30px rgba(0,0,0,0.12)\" src=\"https:\/\/latraversiere.fr\/wp-content\/uploads\/2020\/03\/4-Outlaws-Ludivine-Issambourg.jpg\"\/>\n                        <\/a>\n                    <\/div>     \n                <\/div>\n                \n            \n                <div class=\"news-item\">\n                    <div class=\"project-image\" style=\"text-align:center; padding-top:50px; padding-bottom:50px;\">\n                        <a href=\"https:\/\/latraversiere.fr\/en\/association\/projets-soutenus\/voyage-au-canada-du-choeur-de-flutes-phenix\/\">\n                            <img style=\"max-width:80%; height:auto; margin:auto;box-shadow:0 20px 70px rgba(0,0,0,0.14),0 20px 70px rgba(0,0,0,0.12); box-shadow:0 20px 30px rgba(0,0,0,0.14),0px 0px 30px rgba(0,0,0,0.12)\" src=\"https:\/\/latraversiere.fr\/wp-content\/uploads\/2020\/03\/3-Voyage-au-Canada-Choeur-De-Flute-Phenix.jpg\"\/>\n                        <\/a>\n                    <\/div>     \n                <\/div>\n                \n            \n                <div class=\"news-item\">\n                    <div class=\"project-image\" style=\"text-align:center; padding-top:50px; padding-bottom:50px;\">\n                        <a href=\"https:\/\/latraversiere.fr\/en\/association\/projets-soutenus\/enregistrement-oeuvres-alain-louvier\/\">\n                            <img style=\"max-width:80%; height:auto; margin:auto;box-shadow:0 20px 70px rgba(0,0,0,0.14),0 20px 70px rgba(0,0,0,0.12); box-shadow:0 20px 30px rgba(0,0,0,0.14),0px 0px 30px rgba(0,0,0,0.12)\" src=\"https:\/\/latraversiere.fr\/wp-content\/uploads\/2020\/02\/2-Disque-AlainLouvier.jpg\"\/>\n                        <\/a>\n                    <\/div>     \n                <\/div>\n                \n            \n                <div class=\"news-item\">\n                    <div class=\"project-image\" style=\"text-align:center; padding-top:50px; padding-bottom:50px;\">\n                        <a href=\"https:\/\/latraversiere.fr\/en\/association\/projets-soutenus\/les-concerts-de-pan\/\">\n                            <img style=\"max-width:80%; height:auto; margin:auto;box-shadow:0 20px 70px rgba(0,0,0,0.14),0 20px 70px rgba(0,0,0,0.12); box-shadow:0 20px 30px rgba(0,0,0,0.14),0px 0px 30px rgba(0,0,0,0.12)\" src=\"https:\/\/latraversiere.fr\/wp-content\/uploads\/2020\/02\/Projet-AlexisKossenko.jpg\"\/>\n                        <\/a>\n                    <\/div>     \n                <\/div>\n                \n                    <\/div>\n\n            <\/div>\n    <div class=\"clear\"><\/div>\n\n    <\/div>\n    <\/div><\/div><div id=\"pg-14-10\"  class=\"panel-grid panel-has-style\" ><div class=\"siteorigin-panels-stretch panel-row-style panel-row-style-for-14-10\" data-stretch-type=\"full-stretched\" ><div id=\"pgc-14-10-0\"  class=\"panel-grid-cell\" ><div id=\"panel-14-10-0-0\" class=\"so-panel widget widget_sow-editor panel-first-child panel-last-child\" data-index=\"17\" ><div class=\"box-hover panel-widget-style panel-widget-style-for-14-10-0-0\" ><div class=\"so-widget-sow-editor so-widget-sow-editor-base\">\n<div class=\"siteorigin-widget-tinymce textwidget\">\n\t<p><a href=\"https:\/\/latraversiere.fr\/adherer\/\" class=\"btn btn-default section-button-light\" style=\"font-size: 2em;\">JOIN US<\/a><\/p>\n<\/div>\n<\/div><\/div><\/div><\/div><div id=\"pgc-14-10-1\"  class=\"panel-grid-cell\" ><div id=\"panel-14-10-1-0\" class=\"so-panel widget widget_sow-editor panel-first-child panel-last-child\" data-index=\"18\" ><div class=\"box-hover panel-widget-style panel-widget-style-for-14-10-1-0\" ><div class=\"so-widget-sow-editor so-widget-sow-editor-base\">\n<div class=\"siteorigin-widget-tinymce textwidget\">\n\t<p><a href=\"https:\/\/latraversiere.fr\/association\/appel-a-projet\/\" class=\"btn btn-default section-button-light\" style=\"font-size: 2em;\">CALL FOR PROJECT<\/a><\/p>\n<\/div>\n<\/div><\/div><\/div><\/div><div id=\"pgc-14-10-2\"  class=\"panel-grid-cell\" ><div id=\"panel-14-10-2-0\" class=\"so-panel widget widget_sow-editor panel-first-child panel-last-child\" data-index=\"19\" ><div class=\"box-hover panel-widget-style panel-widget-style-for-14-10-2-0\" ><div class=\"so-widget-sow-editor so-widget-sow-editor-base\">\n<div class=\"siteorigin-widget-tinymce textwidget\">\n\t<p><a href=\"https:\/\/latraversiere.fr\/association\/#benevoles\" class=\"btn btn-default section-button-light\" style=\"font-size: 2em;\">BECOME VOLUNTEER<\/a><\/p>\n<\/div>\n<\/div><\/div><\/div><\/div><\/div><\/div><\/div>","protected":false},"excerpt":{"rendered":"<p>VIIe Convention Internationale de la fl\u00fbte Ouverte \u00e0 toutes et \u00e0 tous, quel que soit l\u2019\u00e2ge ou le niveau, la convention se veut un v\u00e9ritable festival de la fl\u00fbte, riche en d\u00e9couvertes et en rencontres. Cette ann\u00e9e, la convention se tiendra en r\u00e9gion parisienne, au Conservatoire de Puteaux qui offre un cadre id\u00e9al pour accueillir [&hellip;]<\/p>\n<div class=\"woocommerce\">\n<div class=\"woocommerce-info wc-memberships-restriction-message wc-memberships-message wc-memberships-content-restricted-message\">To access this page, you must purchase <span class=\"wc-memberships-products-grant-access\"><a href=\"https:\/\/latraversiere.fr\/en\/boutique\/adhesion\/formule-adhesion-integrale\/?attribute_pa_duree=2-ans\">Formule d&#8217;adh\u00e9sion int\u00e9grale (Papier + Num\u00e9rique) &ndash; 2-ans<\/a><\/span>.<\/div>\n<\/div>\n","protected":false},"author":1,"featured_media":2024,"parent":0,"menu_order":0,"comment_status":"closed","ping_status":"closed","template":"template-home-page.php","meta":[],"yoast_head":"<!-- This site is optimized with the Yoast SEO plugin v17.5 - https:\/\/yoast.com\/wordpress\/plugins\/seo\/ -->\n<title>LA TRAVERSIERE - Association Fran\u00e7aise de la Fl\u00fbte<\/title>\n<meta name=\"description\" content=\"La Traversi\u00e8re, l&#039;association fran\u00e7aise de la fl\u00fbte, est le moyen d\u2019expression et de communication privil\u00e9gi\u00e9 des fl\u00fbtistes.\" \/>\n<meta name=\"robots\" content=\"index, follow, max-snippet:-1, max-image-preview:large, max-video-preview:-1\" \/>\n<link rel=\"canonical\" href=\"https:\/\/latraversiere.fr\/\" \/>\n<meta property=\"og:locale\" content=\"en_US\" \/>\n<meta property=\"og:type\" content=\"article\" \/>\n<meta property=\"og:title\" content=\"La Traversi\u00e8re - Association Fran\u00e7aise de la Fl\u00fbte\" \/>\n<meta property=\"og:description\" content=\"La Traversi\u00e8re, l&#039;association fran\u00e7aise de la fl\u00fbte, est le moyen d\u2019expression et de communication privil\u00e9gi\u00e9 des fl\u00fbtistes.\" \/>\n<meta property=\"og:url\" content=\"https:\/\/latraversiere.fr\/\" \/>\n<meta property=\"og:site_name\" content=\"LA TRAVERSIERE The french flute association\" \/>\n<meta property=\"article:publisher\" content=\"https:\/\/www.facebook.com\/traversieres\/\" \/>\n<meta property=\"article:modified_time\" content=\"2026-03-30T17:03:09+00:00\" \/>\n<meta property=\"og:image\" content=\"https:\/\/latraversiere.fr\/wp-content\/uploads\/2018\/03\/LOGO-Traversiere-carre-BLK.png\" \/>\n\t<meta property=\"og:image:width\" content=\"400\" \/>\n\t<meta property=\"og:image:height\" content=\"218\" \/>\n<meta name=\"twitter:card\" content=\"summary\" \/>\n<meta name=\"twitter:title\" content=\"La Traversi\u00e8re - Association Fran\u00e7aise de la Fl\u00fbte\" \/>\n<meta name=\"twitter:description\" content=\"La Traversi\u00e8re, l&#039;association fran\u00e7aise de la fl\u00fbte, est le moyen d\u2019expression et de communication privil\u00e9gi\u00e9 des fl\u00fbtistes.\" \/>\n<meta name=\"twitter:image\" content=\"https:\/\/latraversiere.fr\/wp-content\/uploads\/2018\/03\/LOGO-Traversiere-carre-BLK.png\" \/>\n<meta name=\"twitter:site\" content=\"@La_Traversiere\" \/>\n<meta name=\"twitter:label1\" content=\"Est. reading time\" \/>\n\t<meta name=\"twitter:data1\" content=\"6 minutes\" \/>\n<script type=\"application\/ld+json\" class=\"yoast-schema-graph\">{\"@context\":\"https:\/\/schema.org\",\"@graph\":[{\"@type\":\"Organization\",\"@id\":\"https:\/\/latraversiere.fr\/#organization\",\"name\":\"La Traversi\\u00e8re - Association Fran\\u00e7aise de la Fl\\u00fbte\",\"url\":\"https:\/\/latraversiere.fr\/\",\"sameAs\":[\"https:\/\/www.facebook.com\/traversieres\/\",\"https:\/\/www.instagram.com\/la_traversiere\/\",\"https:\/\/www.youtube.com\/channel\/UC46MEQZI2BfRZNFUFqc59Sw\",\"https:\/\/twitter.com\/La_Traversiere\"],\"logo\":{\"@type\":\"ImageObject\",\"@id\":\"https:\/\/latraversiere.fr\/#logo\",\"inLanguage\":\"en-US\",\"url\":\"https:\/\/latraversiere.fr\/wp-content\/uploads\/2018\/01\/LOGO-Traversiere-SITE-1.png\",\"contentUrl\":\"https:\/\/latraversiere.fr\/wp-content\/uploads\/2018\/01\/LOGO-Traversiere-SITE-1.png\",\"width\":539,\"height\":200,\"caption\":\"La Traversi\\u00e8re - Association Fran\\u00e7aise de la Fl\\u00fbte\"},\"image\":{\"@id\":\"https:\/\/latraversiere.fr\/#logo\"}},{\"@type\":\"WebSite\",\"@id\":\"https:\/\/latraversiere.fr\/#website\",\"url\":\"https:\/\/latraversiere.fr\/\",\"name\":\"LA TRAVERSIERE The french flute association\",\"description\":\"\",\"publisher\":{\"@id\":\"https:\/\/latraversiere.fr\/#organization\"},\"potentialAction\":[{\"@type\":\"SearchAction\",\"target\":{\"@type\":\"EntryPoint\",\"urlTemplate\":\"https:\/\/latraversiere.fr\/?s={search_term_string}\"},\"query-input\":\"required name=search_term_string\"}],\"inLanguage\":\"en-US\"},{\"@type\":\"ImageObject\",\"@id\":\"https:\/\/latraversiere.fr\/#primaryimage\",\"inLanguage\":\"en-US\",\"url\":\"https:\/\/latraversiere.fr\/wp-content\/uploads\/2018\/03\/LOGO-Traversiere-carre-BLK.png\",\"contentUrl\":\"https:\/\/latraversiere.fr\/wp-content\/uploads\/2018\/03\/LOGO-Traversiere-carre-BLK.png\",\"width\":\"400\",\"height\":\"218\",\"caption\":\"Logo - La Traversi\\u00e8re\"},{\"@type\":\"WebPage\",\"@id\":\"https:\/\/latraversiere.fr\/#webpage\",\"url\":\"https:\/\/latraversiere.fr\/\",\"name\":\"LA TRAVERSIERE - Association Fran\\u00e7aise de la Fl\\u00fbte\",\"isPartOf\":{\"@id\":\"https:\/\/latraversiere.fr\/#website\"},\"primaryImageOfPage\":{\"@id\":\"https:\/\/latraversiere.fr\/#primaryimage\"},\"datePublished\":\"2017-03-03T21:46:47+00:00\",\"dateModified\":\"2026-03-30T17:03:09+00:00\",\"description\":\"La Traversi\\u00e8re, l'association fran\\u00e7aise de la fl\\u00fbte, est le moyen d\\u2019expression et de communication privil\\u00e9gi\\u00e9 des fl\\u00fbtistes.\",\"breadcrumb\":{\"@id\":\"https:\/\/latraversiere.fr\/#breadcrumb\"},\"inLanguage\":\"en-US\",\"potentialAction\":[{\"@type\":\"ReadAction\",\"target\":[\"https:\/\/latraversiere.fr\/\"]}]},{\"@type\":\"BreadcrumbList\",\"@id\":\"https:\/\/latraversiere.fr\/#breadcrumb\",\"itemListElement\":[{\"@type\":\"ListItem\",\"position\":1,\"name\":\"Accueil\",\"item\":\"https:\/\/latraversiere.fr\/\"},{\"@type\":\"ListItem\",\"position\":2,\"name\":\"Accueil\"}]}]}<\/script>\n<!-- \/ Yoast SEO plugin. -->","yoast_head_json":{"title":"LA TRAVERSIERE - Association Fran\u00e7aise de la Fl\u00fbte","description":"La Traversi\u00e8re, l'association fran\u00e7aise de la fl\u00fbte, est le moyen d\u2019expression et de communication privil\u00e9gi\u00e9 des fl\u00fbtistes.","robots":{"index":"index","follow":"follow","max-snippet":"max-snippet:-1","max-image-preview":"max-image-preview:large","max-video-preview":"max-video-preview:-1"},"canonical":"https:\/\/latraversiere.fr\/","og_locale":"en_US","og_type":"article","og_title":"La Traversi\u00e8re - Association Fran\u00e7aise de la Fl\u00fbte","og_description":"La Traversi\u00e8re, l'association fran\u00e7aise de la fl\u00fbte, est le moyen d\u2019expression et de communication privil\u00e9gi\u00e9 des fl\u00fbtistes.","og_url":"https:\/\/latraversiere.fr\/","og_site_name":"LA TRAVERSIERE The french flute association","article_publisher":"https:\/\/www.facebook.com\/traversieres\/","article_modified_time":"2026-03-30T17:03:09+00:00","og_image":[{"width":"400","height":"218","url":"https:\/\/latraversiere.fr\/wp-content\/uploads\/2018\/03\/LOGO-Traversiere-carre-BLK.png","type":"image\/png"}],"twitter_card":"summary","twitter_title":"La Traversi\u00e8re - Association Fran\u00e7aise de la Fl\u00fbte","twitter_description":"La Traversi\u00e8re, l'association fran\u00e7aise de la fl\u00fbte, est le moyen d\u2019expression et de communication privil\u00e9gi\u00e9 des fl\u00fbtistes.","twitter_image":"https:\/\/latraversiere.fr\/wp-content\/uploads\/2018\/03\/LOGO-Traversiere-carre-BLK.png","twitter_site":"@La_Traversiere","twitter_misc":{"Est. reading time":"6 minutes"},"schema":{"@context":"https:\/\/schema.org","@graph":[{"@type":"Organization","@id":"https:\/\/latraversiere.fr\/#organization","name":"La Traversi\u00e8re - Association Fran\u00e7aise de la Fl\u00fbte","url":"https:\/\/latraversiere.fr\/","sameAs":["https:\/\/www.facebook.com\/traversieres\/","https:\/\/www.instagram.com\/la_traversiere\/","https:\/\/www.youtube.com\/channel\/UC46MEQZI2BfRZNFUFqc59Sw","https:\/\/twitter.com\/La_Traversiere"],"logo":{"@type":"ImageObject","@id":"https:\/\/latraversiere.fr\/#logo","inLanguage":"en-US","url":"https:\/\/latraversiere.fr\/wp-content\/uploads\/2018\/01\/LOGO-Traversiere-SITE-1.png","contentUrl":"https:\/\/latraversiere.fr\/wp-content\/uploads\/2018\/01\/LOGO-Traversiere-SITE-1.png","width":539,"height":200,"caption":"La Traversi\u00e8re - Association Fran\u00e7aise de la Fl\u00fbte"},"image":{"@id":"https:\/\/latraversiere.fr\/#logo"}},{"@type":"WebSite","@id":"https:\/\/latraversiere.fr\/#website","url":"https:\/\/latraversiere.fr\/","name":"LA TRAVERSIERE The french flute association","description":"","publisher":{"@id":"https:\/\/latraversiere.fr\/#organization"},"potentialAction":[{"@type":"SearchAction","target":{"@type":"EntryPoint","urlTemplate":"https:\/\/latraversiere.fr\/?s={search_term_string}"},"query-input":"required name=search_term_string"}],"inLanguage":"en-US"},{"@type":"ImageObject","@id":"https:\/\/latraversiere.fr\/#primaryimage","inLanguage":"en-US","url":"https:\/\/latraversiere.fr\/wp-content\/uploads\/2018\/03\/LOGO-Traversiere-carre-BLK.png","contentUrl":"https:\/\/latraversiere.fr\/wp-content\/uploads\/2018\/03\/LOGO-Traversiere-carre-BLK.png","width":"400","height":"218","caption":"Logo - La Traversi\u00e8re"},{"@type":"WebPage","@id":"https:\/\/latraversiere.fr\/#webpage","url":"https:\/\/latraversiere.fr\/","name":"LA TRAVERSIERE - Association Fran\u00e7aise de la Fl\u00fbte","isPartOf":{"@id":"https:\/\/latraversiere.fr\/#website"},"primaryImageOfPage":{"@id":"https:\/\/latraversiere.fr\/#primaryimage"},"datePublished":"2017-03-03T21:46:47+00:00","dateModified":"2026-03-30T17:03:09+00:00","description":"La Traversi\u00e8re, l'association fran\u00e7aise de la fl\u00fbte, est le moyen d\u2019expression et de communication privil\u00e9gi\u00e9 des fl\u00fbtistes.","breadcrumb":{"@id":"https:\/\/latraversiere.fr\/#breadcrumb"},"inLanguage":"en-US","potentialAction":[{"@type":"ReadAction","target":["https:\/\/latraversiere.fr\/"]}]},{"@type":"BreadcrumbList","@id":"https:\/\/latraversiere.fr\/#breadcrumb","itemListElement":[{"@type":"ListItem","position":1,"name":"Accueil","item":"https:\/\/latraversiere.fr\/"},{"@type":"ListItem","position":2,"name":"Accueil"}]}]}},"_links":{"self":[{"href":"https:\/\/latraversiere.fr\/en\/wp-json\/wp\/v2\/pages\/14"}],"collection":[{"href":"https:\/\/latraversiere.fr\/en\/wp-json\/wp\/v2\/pages"}],"about":[{"href":"https:\/\/latraversiere.fr\/en\/wp-json\/wp\/v2\/types\/page"}],"author":[{"embeddable":true,"href":"https:\/\/latraversiere.fr\/en\/wp-json\/wp\/v2\/users\/1"}],"replies":[{"embeddable":true,"href":"https:\/\/latraversiere.fr\/en\/wp-json\/wp\/v2\/comments?post=14"}],"version-history":[{"count":287,"href":"https:\/\/latraversiere.fr\/en\/wp-json\/wp\/v2\/pages\/14\/revisions"}],"predecessor-version":[{"id":34674,"href":"https:\/\/latraversiere.fr\/en\/wp-json\/wp\/v2\/pages\/14\/revisions\/34674"}],"wp:featuredmedia":[{"embeddable":true,"href":"https:\/\/latraversiere.fr\/en\/wp-json\/wp\/v2\/media\/2024"}],"wp:attachment":[{"href":"https:\/\/latraversiere.fr\/en\/wp-json\/wp\/v2\/media?parent=14"}],"curies":[{"name":"wp","href":"https:\/\/api.w.org\/{rel}","templated":true}]}}