{"id":10793,"date":"2020-11-10T08:32:45","date_gmt":"2020-11-10T07:32:45","guid":{"rendered":"https:\/\/latraversiere.fr\/?post_type=product&#038;p=10793"},"modified":"2022-05-29T13:14:19","modified_gmt":"2022-05-29T11:14:19","slug":"traversieres-magazine-n135","status":"publish","type":"product","link":"https:\/\/latraversiere.fr\/en\/boutique\/traversieres-magazine\/traversieres-magazine-n135\/","title":{"rendered":"Traversi\u00e8res Magazine N\u00b0135"},"content":{"rendered":"<p>Nonante ! Raymond Guiot vient de f\u00eater ses 90 ans&#8230; !<br \/>\nAu programme de la Convention originalement pr\u00e9vue fin octobre dernier figurait un concert en son honneur. \u00c0 d\u00e9faut de pouvoir organiser cet \u00e9v\u00e9nement, nous avons donc d\u00e9cid\u00e9 de lui consacrer ce num\u00e9ro sp\u00e9cial.<br \/>\nAu travers d&#8217;un nouvel entretien en fin d&#8217;\u00e9t\u00e9, Raymond Guiot revient sur quantit\u00e9 d&#8217;aspects particuliers de son parcours dans le domaine classique, tandis que la rubrique Histoires de fl\u00fbtistes le voit d\u00e9crire en d\u00e9tail comme jamais il ne l&#8217;avait fait auparavant sa prodigieuse carri\u00e8re dans le Jazz et la vari\u00e9t\u00e9.<br \/>\nUn article sur ses compositions pour fl\u00fbte, deux br\u00e8ves pi\u00e8ces originales, plusieurs t\u00e9moignages d\u00e9taill\u00e9s sur sa p\u00e9dagogie, quelques pages de r\u00e9flexions personnelles ainsi qu&#8217;une iconographie exceptionnelle compl\u00e8tent ce num\u00e9ro, dont la rubrique habituelle Kiosque avec les derni\u00e8res publications de disques et partitions n&#8217;est pas absente pour autant.<\/p>","protected":false},"excerpt":{"rendered":"<p>RAYMOND GUIOT &#8211; RESPECT !<br \/>\nLES \u0152UVRES POUR FL\u00dbTE<br \/>\nHISTOIRES DE FL\u00dbTISTES &#8211; Raymond Guiot &#8211; \u00ab Un requin \u00e9l\u00e9gant \u00bb<br \/>\nPARTITION &#8211; Fl\u00fbte en solitude et Couleurs sous-marines de Raymond Guiot, Moyse fa\u00e7on Guiot, par Gaspar Hoyos<br \/>\nP\u00c9DAGOGIE &#8211; T\u00e9moignages<br \/>\nSOUVENIRS &#038; R\u00c9FLEXIONS<\/p>\n","protected":false},"featured_media":11038,"template":"","meta":[],"yoast_head":"<!-- This site is optimized with the Yoast SEO plugin v17.5 - https:\/\/yoast.com\/wordpress\/plugins\/seo\/ -->\n<title>Traversi\u00e8res Magazine N\u00b0135 - LA TRAVERSIERE The french flute association<\/title>\n<meta name=\"description\" content=\"Nonante ! Raymond Guiot vient de f\u00eater ses 90 ans... ! Au programme de la Convention originalement pr\u00e9vue fin octobre dernier figurait un concert en son honneur. \u00c0 d\u00e9faut de pouvoir organiser cet \u00e9v\u00e9nement, nous avons donc d\u00e9cid\u00e9 de lui consacrer ce num\u00e9ro sp\u00e9cial. Au travers d&#039;un nouvel entretien en fin d&#039;\u00e9t\u00e9, Raymond Guiot revient sur quantit\u00e9 d&#039;aspects particuliers de son parcours dans le domaine classique, tandis que la rubrique Histoires de fl\u00fbtistes le voit d\u00e9crire en d\u00e9tail comme jamais il ne l&#039;avait fait auparavant sa prodigieuse carri\u00e8re dans le Jazz et la vari\u00e9t\u00e9. Un article sur ses compositions pour fl\u00fbte, deux br\u00e8ves pi\u00e8ces originales, plusieurs t\u00e9moignages d\u00e9taill\u00e9s sur sa p\u00e9dagogie, quelques pages de r\u00e9flexions personnelles ainsi qu&#039;une iconographie exceptionnelle compl\u00e8tent ce num\u00e9ro, dont la rubrique habituelle Kiosque avec les derni\u00e8res publications de disques et partitions n&#039;est pas absente pour autant.\" \/>\n<meta name=\"robots\" content=\"index, follow, max-snippet:-1, max-image-preview:large, max-video-preview:-1\" \/>\n<link rel=\"canonical\" href=\"https:\/\/latraversiere.fr\/boutique\/traversieres-magazine\/traversieres-magazine-n135\/\" \/>\n<meta property=\"og:locale\" content=\"en_US\" \/>\n<meta property=\"og:type\" content=\"article\" \/>\n<meta property=\"og:title\" content=\"Traversi\u00e8res Magazine N\u00b0135 - LA TRAVERSIERE The french flute association\" \/>\n<meta property=\"og:description\" content=\"Nonante ! Raymond Guiot vient de f\u00eater ses 90 ans... ! Au programme de la Convention originalement pr\u00e9vue fin octobre dernier figurait un concert en son honneur. \u00c0 d\u00e9faut de pouvoir organiser cet \u00e9v\u00e9nement, nous avons donc d\u00e9cid\u00e9 de lui consacrer ce num\u00e9ro sp\u00e9cial. Au travers d&#039;un nouvel entretien en fin d&#039;\u00e9t\u00e9, Raymond Guiot revient sur quantit\u00e9 d&#039;aspects particuliers de son parcours dans le domaine classique, tandis que la rubrique Histoires de fl\u00fbtistes le voit d\u00e9crire en d\u00e9tail comme jamais il ne l&#039;avait fait auparavant sa prodigieuse carri\u00e8re dans le Jazz et la vari\u00e9t\u00e9. Un article sur ses compositions pour fl\u00fbte, deux br\u00e8ves pi\u00e8ces originales, plusieurs t\u00e9moignages d\u00e9taill\u00e9s sur sa p\u00e9dagogie, quelques pages de r\u00e9flexions personnelles ainsi qu&#039;une iconographie exceptionnelle compl\u00e8tent ce num\u00e9ro, dont la rubrique habituelle Kiosque avec les derni\u00e8res publications de disques et partitions n&#039;est pas absente pour autant.\" \/>\n<meta property=\"og:url\" content=\"https:\/\/latraversiere.fr\/boutique\/traversieres-magazine\/traversieres-magazine-n135\/\" \/>\n<meta property=\"og:site_name\" content=\"LA TRAVERSIERE The french flute association\" \/>\n<meta property=\"article:publisher\" content=\"https:\/\/www.facebook.com\/traversieres\/\" \/>\n<meta property=\"article:modified_time\" content=\"2022-05-29T11:14:19+00:00\" \/>\n<meta property=\"og:image\" content=\"https:\/\/latraversiere.fr\/wp-content\/uploads\/2020\/11\/2020-TM135-cover.jpg\" \/>\n\t<meta property=\"og:image:width\" content=\"595\" \/>\n\t<meta property=\"og:image:height\" content=\"841\" \/>\n<meta name=\"twitter:card\" content=\"summary\" \/>\n<meta name=\"twitter:description\" content=\"Nonante ! Raymond Guiot vient de f\u00eater ses 90 ans... ! Au programme de la Convention originalement pr\u00e9vue fin octobre dernier figurait un concert en son honneur. \u00c0 d\u00e9faut de pouvoir organiser cet \u00e9v\u00e9nement, nous avons donc d\u00e9cid\u00e9 de lui consacrer ce num\u00e9ro sp\u00e9cial. Au travers d&#039;un nouvel entretien en fin d&#039;\u00e9t\u00e9, Raymond Guiot revient sur quantit\u00e9 d&#039;aspects particuliers de son parcours dans le domaine classique, tandis que la rubrique Histoires de fl\u00fbtistes le voit d\u00e9crire en d\u00e9tail comme jamais il ne l&#039;avait fait auparavant sa prodigieuse carri\u00e8re dans le Jazz et la vari\u00e9t\u00e9. Un article sur ses compositions pour fl\u00fbte, deux br\u00e8ves pi\u00e8ces originales, plusieurs t\u00e9moignages d\u00e9taill\u00e9s sur sa p\u00e9dagogie, quelques pages de r\u00e9flexions personnelles ainsi qu&#039;une iconographie exceptionnelle compl\u00e8tent ce num\u00e9ro, dont la rubrique habituelle Kiosque avec les derni\u00e8res publications de disques et partitions n&#039;est pas absente pour autant.\" \/>\n<meta name=\"twitter:image\" content=\"https:\/\/latraversiere.fr\/wp-content\/uploads\/2020\/11\/2020-TM135-cover.jpg\" \/>\n<meta name=\"twitter:site\" content=\"@La_Traversiere\" \/>\n<meta name=\"twitter:label1\" content=\"Est. reading time\" \/>\n\t<meta name=\"twitter:data1\" content=\"2 minutes\" \/>\n<script type=\"application\/ld+json\" class=\"yoast-schema-graph\">{\"@context\":\"https:\/\/schema.org\",\"@graph\":[{\"@type\":\"Organization\",\"@id\":\"https:\/\/latraversiere.fr\/#organization\",\"name\":\"La Traversi\\u00e8re - Association Fran\\u00e7aise de la Fl\\u00fbte\",\"url\":\"https:\/\/latraversiere.fr\/\",\"sameAs\":[\"https:\/\/www.facebook.com\/traversieres\/\",\"https:\/\/www.instagram.com\/la_traversiere\/\",\"https:\/\/www.youtube.com\/channel\/UC46MEQZI2BfRZNFUFqc59Sw\",\"https:\/\/twitter.com\/La_Traversiere\"],\"logo\":{\"@type\":\"ImageObject\",\"@id\":\"https:\/\/latraversiere.fr\/#logo\",\"inLanguage\":\"en-US\",\"url\":\"https:\/\/latraversiere.fr\/wp-content\/uploads\/2018\/01\/LOGO-Traversiere-SITE-1.png\",\"contentUrl\":\"https:\/\/latraversiere.fr\/wp-content\/uploads\/2018\/01\/LOGO-Traversiere-SITE-1.png\",\"width\":539,\"height\":200,\"caption\":\"La Traversi\\u00e8re - Association Fran\\u00e7aise de la Fl\\u00fbte\"},\"image\":{\"@id\":\"https:\/\/latraversiere.fr\/#logo\"}},{\"@type\":\"WebSite\",\"@id\":\"https:\/\/latraversiere.fr\/#website\",\"url\":\"https:\/\/latraversiere.fr\/\",\"name\":\"LA TRAVERSIERE The french flute association\",\"description\":\"\",\"publisher\":{\"@id\":\"https:\/\/latraversiere.fr\/#organization\"},\"potentialAction\":[{\"@type\":\"SearchAction\",\"target\":{\"@type\":\"EntryPoint\",\"urlTemplate\":\"https:\/\/latraversiere.fr\/?s={search_term_string}\"},\"query-input\":\"required name=search_term_string\"}],\"inLanguage\":\"en-US\"},{\"@type\":\"ImageObject\",\"@id\":\"https:\/\/latraversiere.fr\/boutique\/traversieres-magazine\/traversieres-magazine-n135\/#primaryimage\",\"inLanguage\":\"en-US\",\"url\":\"https:\/\/latraversiere.fr\/wp-content\/uploads\/2020\/11\/2020-TM135-cover.jpg\",\"contentUrl\":\"https:\/\/latraversiere.fr\/wp-content\/uploads\/2020\/11\/2020-TM135-cover.jpg\",\"width\":595,\"height\":841,\"caption\":\"Traversiere Magazine 135\"},{\"@type\":\"WebPage\",\"@id\":\"https:\/\/latraversiere.fr\/boutique\/traversieres-magazine\/traversieres-magazine-n135\/#webpage\",\"url\":\"https:\/\/latraversiere.fr\/boutique\/traversieres-magazine\/traversieres-magazine-n135\/\",\"name\":\"Traversi\\u00e8res Magazine N\\u00b0135 - LA TRAVERSIERE The french flute association\",\"isPartOf\":{\"@id\":\"https:\/\/latraversiere.fr\/#website\"},\"primaryImageOfPage\":{\"@id\":\"https:\/\/latraversiere.fr\/boutique\/traversieres-magazine\/traversieres-magazine-n135\/#primaryimage\"},\"datePublished\":\"2020-11-10T07:32:45+00:00\",\"dateModified\":\"2022-05-29T11:14:19+00:00\",\"description\":\"Nonante ! Raymond Guiot vient de f\\u00eater ses 90 ans... ! Au programme de la Convention originalement pr\\u00e9vue fin octobre dernier figurait un concert en son honneur. \\u00c0 d\\u00e9faut de pouvoir organiser cet \\u00e9v\\u00e9nement, nous avons donc d\\u00e9cid\\u00e9 de lui consacrer ce num\\u00e9ro sp\\u00e9cial. Au travers d'un nouvel entretien en fin d'\\u00e9t\\u00e9, Raymond Guiot revient sur quantit\\u00e9 d'aspects particuliers de son parcours dans le domaine classique, tandis que la rubrique Histoires de fl\\u00fbtistes le voit d\\u00e9crire en d\\u00e9tail comme jamais il ne l'avait fait auparavant sa prodigieuse carri\\u00e8re dans le Jazz et la vari\\u00e9t\\u00e9. Un article sur ses compositions pour fl\\u00fbte, deux br\\u00e8ves pi\\u00e8ces originales, plusieurs t\\u00e9moignages d\\u00e9taill\\u00e9s sur sa p\\u00e9dagogie, quelques pages de r\\u00e9flexions personnelles ainsi qu'une iconographie exceptionnelle compl\\u00e8tent ce num\\u00e9ro, dont la rubrique habituelle Kiosque avec les derni\\u00e8res publications de disques et partitions n'est pas absente pour autant.\",\"breadcrumb\":{\"@id\":\"https:\/\/latraversiere.fr\/boutique\/traversieres-magazine\/traversieres-magazine-n135\/#breadcrumb\"},\"inLanguage\":\"en-US\",\"potentialAction\":[{\"@type\":\"ReadAction\",\"target\":[\"https:\/\/latraversiere.fr\/boutique\/traversieres-magazine\/traversieres-magazine-n135\/\"]}]},{\"@type\":\"BreadcrumbList\",\"@id\":\"https:\/\/latraversiere.fr\/boutique\/traversieres-magazine\/traversieres-magazine-n135\/#breadcrumb\",\"itemListElement\":[{\"@type\":\"ListItem\",\"position\":1,\"name\":\"Accueil\",\"item\":\"https:\/\/latraversiere.fr\/\"},{\"@type\":\"ListItem\",\"position\":2,\"name\":\"Boutique\",\"item\":\"https:\/\/latraversiere.fr\/en\/boutique\/\"},{\"@type\":\"ListItem\",\"position\":3,\"name\":\"Traversi\\u00e8res Magazine N\\u00b0135\"}]}]}<\/script>\n<!-- \/ Yoast SEO plugin. -->","yoast_head_json":{"title":"Traversi\u00e8res Magazine N\u00b0135 - LA TRAVERSIERE The french flute association","description":"Nonante ! Raymond Guiot vient de f\u00eater ses 90 ans... ! Au programme de la Convention originalement pr\u00e9vue fin octobre dernier figurait un concert en son honneur. \u00c0 d\u00e9faut de pouvoir organiser cet \u00e9v\u00e9nement, nous avons donc d\u00e9cid\u00e9 de lui consacrer ce num\u00e9ro sp\u00e9cial. Au travers d'un nouvel entretien en fin d'\u00e9t\u00e9, Raymond Guiot revient sur quantit\u00e9 d'aspects particuliers de son parcours dans le domaine classique, tandis que la rubrique Histoires de fl\u00fbtistes le voit d\u00e9crire en d\u00e9tail comme jamais il ne l'avait fait auparavant sa prodigieuse carri\u00e8re dans le Jazz et la vari\u00e9t\u00e9. Un article sur ses compositions pour fl\u00fbte, deux br\u00e8ves pi\u00e8ces originales, plusieurs t\u00e9moignages d\u00e9taill\u00e9s sur sa p\u00e9dagogie, quelques pages de r\u00e9flexions personnelles ainsi qu'une iconographie exceptionnelle compl\u00e8tent ce num\u00e9ro, dont la rubrique habituelle Kiosque avec les derni\u00e8res publications de disques et partitions n'est pas absente pour autant.","robots":{"index":"index","follow":"follow","max-snippet":"max-snippet:-1","max-image-preview":"max-image-preview:large","max-video-preview":"max-video-preview:-1"},"canonical":"https:\/\/latraversiere.fr\/boutique\/traversieres-magazine\/traversieres-magazine-n135\/","og_locale":"en_US","og_type":"article","og_title":"Traversi\u00e8res Magazine N\u00b0135 - LA TRAVERSIERE The french flute association","og_description":"Nonante ! Raymond Guiot vient de f\u00eater ses 90 ans... ! Au programme de la Convention originalement pr\u00e9vue fin octobre dernier figurait un concert en son honneur. \u00c0 d\u00e9faut de pouvoir organiser cet \u00e9v\u00e9nement, nous avons donc d\u00e9cid\u00e9 de lui consacrer ce num\u00e9ro sp\u00e9cial. Au travers d'un nouvel entretien en fin d'\u00e9t\u00e9, Raymond Guiot revient sur quantit\u00e9 d'aspects particuliers de son parcours dans le domaine classique, tandis que la rubrique Histoires de fl\u00fbtistes le voit d\u00e9crire en d\u00e9tail comme jamais il ne l'avait fait auparavant sa prodigieuse carri\u00e8re dans le Jazz et la vari\u00e9t\u00e9. Un article sur ses compositions pour fl\u00fbte, deux br\u00e8ves pi\u00e8ces originales, plusieurs t\u00e9moignages d\u00e9taill\u00e9s sur sa p\u00e9dagogie, quelques pages de r\u00e9flexions personnelles ainsi qu'une iconographie exceptionnelle compl\u00e8tent ce num\u00e9ro, dont la rubrique habituelle Kiosque avec les derni\u00e8res publications de disques et partitions n'est pas absente pour autant.","og_url":"https:\/\/latraversiere.fr\/boutique\/traversieres-magazine\/traversieres-magazine-n135\/","og_site_name":"LA TRAVERSIERE The french flute association","article_publisher":"https:\/\/www.facebook.com\/traversieres\/","article_modified_time":"2022-05-29T11:14:19+00:00","og_image":[{"width":595,"height":841,"url":"https:\/\/latraversiere.fr\/wp-content\/uploads\/2020\/11\/2020-TM135-cover.jpg","type":"image\/jpeg"}],"twitter_card":"summary","twitter_description":"Nonante ! Raymond Guiot vient de f\u00eater ses 90 ans... ! Au programme de la Convention originalement pr\u00e9vue fin octobre dernier figurait un concert en son honneur. \u00c0 d\u00e9faut de pouvoir organiser cet \u00e9v\u00e9nement, nous avons donc d\u00e9cid\u00e9 de lui consacrer ce num\u00e9ro sp\u00e9cial. Au travers d'un nouvel entretien en fin d'\u00e9t\u00e9, Raymond Guiot revient sur quantit\u00e9 d'aspects particuliers de son parcours dans le domaine classique, tandis que la rubrique Histoires de fl\u00fbtistes le voit d\u00e9crire en d\u00e9tail comme jamais il ne l'avait fait auparavant sa prodigieuse carri\u00e8re dans le Jazz et la vari\u00e9t\u00e9. Un article sur ses compositions pour fl\u00fbte, deux br\u00e8ves pi\u00e8ces originales, plusieurs t\u00e9moignages d\u00e9taill\u00e9s sur sa p\u00e9dagogie, quelques pages de r\u00e9flexions personnelles ainsi qu'une iconographie exceptionnelle compl\u00e8tent ce num\u00e9ro, dont la rubrique habituelle Kiosque avec les derni\u00e8res publications de disques et partitions n'est pas absente pour autant.","twitter_image":"https:\/\/latraversiere.fr\/wp-content\/uploads\/2020\/11\/2020-TM135-cover.jpg","twitter_site":"@La_Traversiere","twitter_misc":{"Est. reading time":"2 minutes"},"schema":{"@context":"https:\/\/schema.org","@graph":[{"@type":"Organization","@id":"https:\/\/latraversiere.fr\/#organization","name":"La Traversi\u00e8re - Association Fran\u00e7aise de la Fl\u00fbte","url":"https:\/\/latraversiere.fr\/","sameAs":["https:\/\/www.facebook.com\/traversieres\/","https:\/\/www.instagram.com\/la_traversiere\/","https:\/\/www.youtube.com\/channel\/UC46MEQZI2BfRZNFUFqc59Sw","https:\/\/twitter.com\/La_Traversiere"],"logo":{"@type":"ImageObject","@id":"https:\/\/latraversiere.fr\/#logo","inLanguage":"en-US","url":"https:\/\/latraversiere.fr\/wp-content\/uploads\/2018\/01\/LOGO-Traversiere-SITE-1.png","contentUrl":"https:\/\/latraversiere.fr\/wp-content\/uploads\/2018\/01\/LOGO-Traversiere-SITE-1.png","width":539,"height":200,"caption":"La Traversi\u00e8re - Association Fran\u00e7aise de la Fl\u00fbte"},"image":{"@id":"https:\/\/latraversiere.fr\/#logo"}},{"@type":"WebSite","@id":"https:\/\/latraversiere.fr\/#website","url":"https:\/\/latraversiere.fr\/","name":"LA TRAVERSIERE The french flute association","description":"","publisher":{"@id":"https:\/\/latraversiere.fr\/#organization"},"potentialAction":[{"@type":"SearchAction","target":{"@type":"EntryPoint","urlTemplate":"https:\/\/latraversiere.fr\/?s={search_term_string}"},"query-input":"required name=search_term_string"}],"inLanguage":"en-US"},{"@type":"ImageObject","@id":"https:\/\/latraversiere.fr\/boutique\/traversieres-magazine\/traversieres-magazine-n135\/#primaryimage","inLanguage":"en-US","url":"https:\/\/latraversiere.fr\/wp-content\/uploads\/2020\/11\/2020-TM135-cover.jpg","contentUrl":"https:\/\/latraversiere.fr\/wp-content\/uploads\/2020\/11\/2020-TM135-cover.jpg","width":595,"height":841,"caption":"Traversiere Magazine 135"},{"@type":"WebPage","@id":"https:\/\/latraversiere.fr\/boutique\/traversieres-magazine\/traversieres-magazine-n135\/#webpage","url":"https:\/\/latraversiere.fr\/boutique\/traversieres-magazine\/traversieres-magazine-n135\/","name":"Traversi\u00e8res Magazine N\u00b0135 - LA TRAVERSIERE The french flute association","isPartOf":{"@id":"https:\/\/latraversiere.fr\/#website"},"primaryImageOfPage":{"@id":"https:\/\/latraversiere.fr\/boutique\/traversieres-magazine\/traversieres-magazine-n135\/#primaryimage"},"datePublished":"2020-11-10T07:32:45+00:00","dateModified":"2022-05-29T11:14:19+00:00","description":"Nonante ! Raymond Guiot vient de f\u00eater ses 90 ans... ! Au programme de la Convention originalement pr\u00e9vue fin octobre dernier figurait un concert en son honneur. \u00c0 d\u00e9faut de pouvoir organiser cet \u00e9v\u00e9nement, nous avons donc d\u00e9cid\u00e9 de lui consacrer ce num\u00e9ro sp\u00e9cial. Au travers d'un nouvel entretien en fin d'\u00e9t\u00e9, Raymond Guiot revient sur quantit\u00e9 d'aspects particuliers de son parcours dans le domaine classique, tandis que la rubrique Histoires de fl\u00fbtistes le voit d\u00e9crire en d\u00e9tail comme jamais il ne l'avait fait auparavant sa prodigieuse carri\u00e8re dans le Jazz et la vari\u00e9t\u00e9. Un article sur ses compositions pour fl\u00fbte, deux br\u00e8ves pi\u00e8ces originales, plusieurs t\u00e9moignages d\u00e9taill\u00e9s sur sa p\u00e9dagogie, quelques pages de r\u00e9flexions personnelles ainsi qu'une iconographie exceptionnelle compl\u00e8tent ce num\u00e9ro, dont la rubrique habituelle Kiosque avec les derni\u00e8res publications de disques et partitions n'est pas absente pour autant.","breadcrumb":{"@id":"https:\/\/latraversiere.fr\/boutique\/traversieres-magazine\/traversieres-magazine-n135\/#breadcrumb"},"inLanguage":"en-US","potentialAction":[{"@type":"ReadAction","target":["https:\/\/latraversiere.fr\/boutique\/traversieres-magazine\/traversieres-magazine-n135\/"]}]},{"@type":"BreadcrumbList","@id":"https:\/\/latraversiere.fr\/boutique\/traversieres-magazine\/traversieres-magazine-n135\/#breadcrumb","itemListElement":[{"@type":"ListItem","position":1,"name":"Accueil","item":"https:\/\/latraversiere.fr\/"},{"@type":"ListItem","position":2,"name":"Boutique","item":"https:\/\/latraversiere.fr\/en\/boutique\/"},{"@type":"ListItem","position":3,"name":"Traversi\u00e8res Magazine N\u00b0135"}]}]}},"_links":{"self":[{"href":"https:\/\/latraversiere.fr\/en\/wp-json\/wp\/v2\/product\/10793"}],"collection":[{"href":"https:\/\/latraversiere.fr\/en\/wp-json\/wp\/v2\/product"}],"about":[{"href":"https:\/\/latraversiere.fr\/en\/wp-json\/wp\/v2\/types\/product"}],"wp:featuredmedia":[{"embeddable":true,"href":"https:\/\/latraversiere.fr\/en\/wp-json\/wp\/v2\/media\/11038"}],"wp:attachment":[{"href":"https:\/\/latraversiere.fr\/en\/wp-json\/wp\/v2\/media?parent=10793"}],"curies":[{"name":"wp","href":"https:\/\/api.w.org\/{rel}","templated":true}]}}