{"id":13128,"date":"2021-10-18T18:30:16","date_gmt":"2021-10-18T16:30:16","guid":{"rendered":"https:\/\/latraversiere.fr\/?post_type=product&#038;p=13128"},"modified":"2022-06-04T09:13:28","modified_gmt":"2022-06-04T07:13:28","slug":"traversieres-magazine-n139","status":"publish","type":"product","link":"https:\/\/latraversiere.fr\/en\/boutique\/traversieres-magazine\/traversieres-magazine-n139\/","title":{"rendered":"Traversi\u00e8res Magazine N\u00b0139"},"content":{"rendered":"<p class=\"qtranxs-available-languages-message qtranxs-available-languages-message-en\">Sorry, this entry is only available in <a href=\"https:\/\/latraversiere.fr\/fr\/wp-json\/wp\/v2\/product\/13128\" class=\"qtranxs-available-language-link qtranxs-available-language-link-fr\" title=\"Fran\u00e7ais\">French<\/a>. For the sake of viewer convenience, the content is shown below in the alternative language. You may click the link to switch the active language.<\/p><p>Au sommaire de ce num\u00e9ro 139 : un portrait consacr\u00e9 \u00e0 Claudi Arimany \u00e0 l\u2019occasion de la sortie de l\u2019enregistrement int\u00e9gral des \u0153uvres pour fl\u00fbte des fr\u00e8res Doppler ; un dossier sur les \u0153uvres pour fl\u00fbte d\u2019Henri-Jacques De Cro\u00ebs illustr\u00e9 par l\u2019enregistrement du Concerto n\u00b0 1 interpr\u00e9t\u00e9 par Gaspar Hoyos ; un entretien avec Jean Br\u00e9gnac sur l\u2019enseignement de la fl\u00fbte baroque et l\u2019interview du c\u00e9l\u00e8bre facteur Bickford Brannen.<br \/>\nSans oublier les pr\u00e9sentations des derni\u00e8res parutions CD et partitions, la partition en encart central ainsi que nos offres sp\u00e9ciales sur les disques et partitions !<\/p>","protected":false},"excerpt":{"rendered":"<p>DOSSIER &#8211; Henri-Jacques De Cro\u00ebs (1723-1786) &#8211; \u0152uvres pour fl\u00fbte (I)<br \/>\nPORTRAIT &#8211; Claudi Arimany, l\u2019int\u00e9grale Doppler<br \/>\nPARTITION &#8211; Meditation von Bach de Franz Doppler<br \/>\nLUTHERIE &#8211; Bickford Brannen, un facteur de l\u00e9gende<br \/>\nP\u00c9DAGOGIE &#8211; L\u2019enseignement de la fl\u00fbte baroque : entretien avec Jean Br\u00e9gnac<\/p>\n","protected":false},"featured_media":13129,"template":"","meta":[],"yoast_head":"<!-- This site is optimized with the Yoast SEO plugin v17.5 - https:\/\/yoast.com\/wordpress\/plugins\/seo\/ -->\n<title>Traversi\u00e8res Magazine N\u00b0139 - LA TRAVERSIERE The french flute association<\/title>\n<meta name=\"description\" content=\"Au sommaire de ce num\u00e9ro : un portrait consacr\u00e9 \u00e0 Claudi Arimany \u00e0 l\u2019occasion de la sortie de l\u2019enregistrement int\u00e9gral des \u0153uvres pour fl\u00fbte des fr\u00e8res Doppler ; un dossier sur les \u0153uvres pour fl\u00fbte d\u2019Henri-Jacques De Cro\u00ebs illustr\u00e9 par l\u2019enregistrement du Concerto n\u00b0 1 interpr\u00e9t\u00e9 par Gaspar Hoyos ; un entretien avec Jean Br\u00e9gnac sur l\u2019enseignement de la fl\u00fbte baroque et l\u2019interview du c\u00e9l\u00e8bre facteur Bickford Brannen.Sans oublier les pr\u00e9sentations des derni\u00e8res parutions CD et partitions, la partition en encart central ainsi que nos offres sp\u00e9ciales sur les disques et partitions !\" \/>\n<meta name=\"robots\" content=\"index, follow, max-snippet:-1, max-image-preview:large, max-video-preview:-1\" \/>\n<link rel=\"canonical\" href=\"https:\/\/latraversiere.fr\/boutique\/traversieres-magazine\/traversieres-magazine-n139\/\" \/>\n<meta property=\"og:locale\" content=\"en_US\" \/>\n<meta property=\"og:type\" content=\"article\" \/>\n<meta property=\"og:title\" content=\"Traversi\u00e8res Magazine N\u00b0139\" \/>\n<meta property=\"og:description\" content=\"Au sommaire de ce num\u00e9ro 139 : un portrait consacr\u00e9 \u00e0 Claudi Arimany \u00e0 l\u2019occasion de la sortie de l\u2019enregistrement int\u00e9gral des \u0153uvres pour fl\u00fbte des fr\u00e8res Doppler ; un dossier sur les \u0153uvres pour fl\u00fbte d\u2019Henri-Jacques De Cro\u00ebs illustr\u00e9 par l\u2019enregistrement du Concerto n\u00b0 1 interpr\u00e9t\u00e9 par Gaspar Hoyos ; un entretien avec Jean Br\u00e9gnac sur l\u2019enseignement de la fl\u00fbte baroque et l\u2019interview du c\u00e9l\u00e8bre facteur Bickford Brannen. Sans oublier les pr\u00e9sentations des derni\u00e8res parutions CD et partitions, la partition en encart central ainsi que nos offres sp\u00e9ciales sur les disques et partitions !\" \/>\n<meta property=\"og:url\" content=\"https:\/\/latraversiere.fr\/boutique\/traversieres-magazine\/traversieres-magazine-n139\/\" \/>\n<meta property=\"og:site_name\" content=\"LA TRAVERSIERE The french flute association\" \/>\n<meta property=\"article:publisher\" content=\"https:\/\/www.facebook.com\/traversieres\/\" \/>\n<meta property=\"article:modified_time\" content=\"2022-06-04T07:13:28+00:00\" \/>\n<meta property=\"og:image\" content=\"https:\/\/latraversiere.fr\/wp-content\/uploads\/2021\/10\/TM139_Cover.jpg\" \/>\n\t<meta property=\"og:image:width\" content=\"595\" \/>\n\t<meta property=\"og:image:height\" content=\"841\" \/>\n<meta name=\"twitter:card\" content=\"summary\" \/>\n<meta name=\"twitter:title\" content=\"Traversi\u00e8res Magazine N\u00b0139\" \/>\n<meta name=\"twitter:description\" content=\"Au sommaire de ce num\u00e9ro 139 : un portrait consacr\u00e9 \u00e0 Claudi Arimany \u00e0 l\u2019occasion de la sortie de l\u2019enregistrement int\u00e9gral des \u0153uvres pour fl\u00fbte des fr\u00e8res Doppler ; un dossier sur les \u0153uvres pour fl\u00fbte d\u2019Henri-Jacques De Cro\u00ebs illustr\u00e9 par l\u2019enregistrement du Concerto n\u00b0 1 interpr\u00e9t\u00e9 par Gaspar Hoyos ; un entretien avec Jean Br\u00e9gnac sur l\u2019enseignement de la fl\u00fbte baroque et l\u2019interview du c\u00e9l\u00e8bre facteur Bickford Brannen. Sans oublier les pr\u00e9sentations des derni\u00e8res parutions CD et partitions, la partition en encart central ainsi que nos offres sp\u00e9ciales sur les disques et partitions !\" \/>\n<meta name=\"twitter:image\" content=\"https:\/\/latraversiere.fr\/wp-content\/uploads\/2021\/10\/TM139_Cover.jpg\" \/>\n<meta name=\"twitter:site\" content=\"@La_Traversiere\" \/>\n<meta name=\"twitter:label1\" content=\"Est. reading time\" \/>\n\t<meta name=\"twitter:data1\" content=\"1 minute\" \/>\n<script type=\"application\/ld+json\" class=\"yoast-schema-graph\">{\"@context\":\"https:\/\/schema.org\",\"@graph\":[{\"@type\":\"Organization\",\"@id\":\"https:\/\/latraversiere.fr\/#organization\",\"name\":\"La Traversi\\u00e8re - Association Fran\\u00e7aise de la Fl\\u00fbte\",\"url\":\"https:\/\/latraversiere.fr\/\",\"sameAs\":[\"https:\/\/www.facebook.com\/traversieres\/\",\"https:\/\/www.instagram.com\/la_traversiere\/\",\"https:\/\/www.youtube.com\/channel\/UC46MEQZI2BfRZNFUFqc59Sw\",\"https:\/\/twitter.com\/La_Traversiere\"],\"logo\":{\"@type\":\"ImageObject\",\"@id\":\"https:\/\/latraversiere.fr\/#logo\",\"inLanguage\":\"en-US\",\"url\":\"https:\/\/latraversiere.fr\/wp-content\/uploads\/2018\/01\/LOGO-Traversiere-SITE-1.png\",\"contentUrl\":\"https:\/\/latraversiere.fr\/wp-content\/uploads\/2018\/01\/LOGO-Traversiere-SITE-1.png\",\"width\":539,\"height\":200,\"caption\":\"La Traversi\\u00e8re - Association Fran\\u00e7aise de la Fl\\u00fbte\"},\"image\":{\"@id\":\"https:\/\/latraversiere.fr\/#logo\"}},{\"@type\":\"WebSite\",\"@id\":\"https:\/\/latraversiere.fr\/#website\",\"url\":\"https:\/\/latraversiere.fr\/\",\"name\":\"LA TRAVERSIERE The french flute association\",\"description\":\"\",\"publisher\":{\"@id\":\"https:\/\/latraversiere.fr\/#organization\"},\"potentialAction\":[{\"@type\":\"SearchAction\",\"target\":{\"@type\":\"EntryPoint\",\"urlTemplate\":\"https:\/\/latraversiere.fr\/?s={search_term_string}\"},\"query-input\":\"required name=search_term_string\"}],\"inLanguage\":\"en-US\"},{\"@type\":\"ImageObject\",\"@id\":\"https:\/\/latraversiere.fr\/boutique\/traversieres-magazine\/traversieres-magazine-n139\/#primaryimage\",\"inLanguage\":\"en-US\",\"url\":\"https:\/\/latraversiere.fr\/wp-content\/uploads\/2021\/10\/TM139_Cover.jpg\",\"contentUrl\":\"https:\/\/latraversiere.fr\/wp-content\/uploads\/2021\/10\/TM139_Cover.jpg\",\"width\":595,\"height\":841,\"caption\":\"Traversi\\u00e8re Magazine N\\u00b0139\"},{\"@type\":\"WebPage\",\"@id\":\"https:\/\/latraversiere.fr\/boutique\/traversieres-magazine\/traversieres-magazine-n139\/#webpage\",\"url\":\"https:\/\/latraversiere.fr\/boutique\/traversieres-magazine\/traversieres-magazine-n139\/\",\"name\":\"Traversi\\u00e8res Magazine N\\u00b0139 - LA TRAVERSIERE The french flute association\",\"isPartOf\":{\"@id\":\"https:\/\/latraversiere.fr\/#website\"},\"primaryImageOfPage\":{\"@id\":\"https:\/\/latraversiere.fr\/boutique\/traversieres-magazine\/traversieres-magazine-n139\/#primaryimage\"},\"datePublished\":\"2021-10-18T16:30:16+00:00\",\"dateModified\":\"2022-06-04T07:13:28+00:00\",\"description\":\"Au sommaire de ce num\\u00e9ro : un portrait consacr\\u00e9 \\u00e0 Claudi Arimany \\u00e0 l\\u2019occasion de la sortie de l\\u2019enregistrement int\\u00e9gral des \\u0153uvres pour fl\\u00fbte des fr\\u00e8res Doppler ; un dossier sur les \\u0153uvres pour fl\\u00fbte d\\u2019Henri-Jacques De Cro\\u00ebs illustr\\u00e9 par l\\u2019enregistrement du Concerto n\\u00b0 1 interpr\\u00e9t\\u00e9 par Gaspar Hoyos ; un entretien avec Jean Br\\u00e9gnac sur l\\u2019enseignement de la fl\\u00fbte baroque et l\\u2019interview du c\\u00e9l\\u00e8bre facteur Bickford Brannen.Sans oublier les pr\\u00e9sentations des derni\\u00e8res parutions CD et partitions, la partition en encart central ainsi que nos offres sp\\u00e9ciales sur les disques et partitions !\",\"breadcrumb\":{\"@id\":\"https:\/\/latraversiere.fr\/boutique\/traversieres-magazine\/traversieres-magazine-n139\/#breadcrumb\"},\"inLanguage\":\"en-US\",\"potentialAction\":[{\"@type\":\"ReadAction\",\"target\":[\"https:\/\/latraversiere.fr\/boutique\/traversieres-magazine\/traversieres-magazine-n139\/\"]}]},{\"@type\":\"BreadcrumbList\",\"@id\":\"https:\/\/latraversiere.fr\/boutique\/traversieres-magazine\/traversieres-magazine-n139\/#breadcrumb\",\"itemListElement\":[{\"@type\":\"ListItem\",\"position\":1,\"name\":\"Accueil\",\"item\":\"https:\/\/latraversiere.fr\/\"},{\"@type\":\"ListItem\",\"position\":2,\"name\":\"Boutique\",\"item\":\"https:\/\/latraversiere.fr\/en\/boutique\/\"},{\"@type\":\"ListItem\",\"position\":3,\"name\":\"Traversi\\u00e8res Magazine N\\u00b0139\"}]}]}<\/script>\n<!-- \/ Yoast SEO plugin. -->","yoast_head_json":{"title":"Traversi\u00e8res Magazine N\u00b0139 - LA TRAVERSIERE The french flute association","description":"Au sommaire de ce num\u00e9ro : un portrait consacr\u00e9 \u00e0 Claudi Arimany \u00e0 l\u2019occasion de la sortie de l\u2019enregistrement int\u00e9gral des \u0153uvres pour fl\u00fbte des fr\u00e8res Doppler ; un dossier sur les \u0153uvres pour fl\u00fbte d\u2019Henri-Jacques De Cro\u00ebs illustr\u00e9 par l\u2019enregistrement du Concerto n\u00b0 1 interpr\u00e9t\u00e9 par Gaspar Hoyos ; un entretien avec Jean Br\u00e9gnac sur l\u2019enseignement de la fl\u00fbte baroque et l\u2019interview du c\u00e9l\u00e8bre facteur Bickford Brannen.Sans oublier les pr\u00e9sentations des derni\u00e8res parutions CD et partitions, la partition en encart central ainsi que nos offres sp\u00e9ciales sur les disques et partitions !","robots":{"index":"index","follow":"follow","max-snippet":"max-snippet:-1","max-image-preview":"max-image-preview:large","max-video-preview":"max-video-preview:-1"},"canonical":"https:\/\/latraversiere.fr\/boutique\/traversieres-magazine\/traversieres-magazine-n139\/","og_locale":"en_US","og_type":"article","og_title":"Traversi\u00e8res Magazine N\u00b0139","og_description":"Au sommaire de ce num\u00e9ro 139 : un portrait consacr\u00e9 \u00e0 Claudi Arimany \u00e0 l\u2019occasion de la sortie de l\u2019enregistrement int\u00e9gral des \u0153uvres pour fl\u00fbte des fr\u00e8res Doppler ; un dossier sur les \u0153uvres pour fl\u00fbte d\u2019Henri-Jacques De Cro\u00ebs illustr\u00e9 par l\u2019enregistrement du Concerto n\u00b0 1 interpr\u00e9t\u00e9 par Gaspar Hoyos ; un entretien avec Jean Br\u00e9gnac sur l\u2019enseignement de la fl\u00fbte baroque et l\u2019interview du c\u00e9l\u00e8bre facteur Bickford Brannen. Sans oublier les pr\u00e9sentations des derni\u00e8res parutions CD et partitions, la partition en encart central ainsi que nos offres sp\u00e9ciales sur les disques et partitions !","og_url":"https:\/\/latraversiere.fr\/boutique\/traversieres-magazine\/traversieres-magazine-n139\/","og_site_name":"LA TRAVERSIERE The french flute association","article_publisher":"https:\/\/www.facebook.com\/traversieres\/","article_modified_time":"2022-06-04T07:13:28+00:00","og_image":[{"width":595,"height":841,"url":"https:\/\/latraversiere.fr\/wp-content\/uploads\/2021\/10\/TM139_Cover.jpg","type":"image\/jpeg"}],"twitter_card":"summary","twitter_title":"Traversi\u00e8res Magazine N\u00b0139","twitter_description":"Au sommaire de ce num\u00e9ro 139 : un portrait consacr\u00e9 \u00e0 Claudi Arimany \u00e0 l\u2019occasion de la sortie de l\u2019enregistrement int\u00e9gral des \u0153uvres pour fl\u00fbte des fr\u00e8res Doppler ; un dossier sur les \u0153uvres pour fl\u00fbte d\u2019Henri-Jacques De Cro\u00ebs illustr\u00e9 par l\u2019enregistrement du Concerto n\u00b0 1 interpr\u00e9t\u00e9 par Gaspar Hoyos ; un entretien avec Jean Br\u00e9gnac sur l\u2019enseignement de la fl\u00fbte baroque et l\u2019interview du c\u00e9l\u00e8bre facteur Bickford Brannen. Sans oublier les pr\u00e9sentations des derni\u00e8res parutions CD et partitions, la partition en encart central ainsi que nos offres sp\u00e9ciales sur les disques et partitions !","twitter_image":"https:\/\/latraversiere.fr\/wp-content\/uploads\/2021\/10\/TM139_Cover.jpg","twitter_site":"@La_Traversiere","twitter_misc":{"Est. reading time":"1 minute"},"schema":{"@context":"https:\/\/schema.org","@graph":[{"@type":"Organization","@id":"https:\/\/latraversiere.fr\/#organization","name":"La Traversi\u00e8re - Association Fran\u00e7aise de la Fl\u00fbte","url":"https:\/\/latraversiere.fr\/","sameAs":["https:\/\/www.facebook.com\/traversieres\/","https:\/\/www.instagram.com\/la_traversiere\/","https:\/\/www.youtube.com\/channel\/UC46MEQZI2BfRZNFUFqc59Sw","https:\/\/twitter.com\/La_Traversiere"],"logo":{"@type":"ImageObject","@id":"https:\/\/latraversiere.fr\/#logo","inLanguage":"en-US","url":"https:\/\/latraversiere.fr\/wp-content\/uploads\/2018\/01\/LOGO-Traversiere-SITE-1.png","contentUrl":"https:\/\/latraversiere.fr\/wp-content\/uploads\/2018\/01\/LOGO-Traversiere-SITE-1.png","width":539,"height":200,"caption":"La Traversi\u00e8re - Association Fran\u00e7aise de la Fl\u00fbte"},"image":{"@id":"https:\/\/latraversiere.fr\/#logo"}},{"@type":"WebSite","@id":"https:\/\/latraversiere.fr\/#website","url":"https:\/\/latraversiere.fr\/","name":"LA TRAVERSIERE The french flute association","description":"","publisher":{"@id":"https:\/\/latraversiere.fr\/#organization"},"potentialAction":[{"@type":"SearchAction","target":{"@type":"EntryPoint","urlTemplate":"https:\/\/latraversiere.fr\/?s={search_term_string}"},"query-input":"required name=search_term_string"}],"inLanguage":"en-US"},{"@type":"ImageObject","@id":"https:\/\/latraversiere.fr\/boutique\/traversieres-magazine\/traversieres-magazine-n139\/#primaryimage","inLanguage":"en-US","url":"https:\/\/latraversiere.fr\/wp-content\/uploads\/2021\/10\/TM139_Cover.jpg","contentUrl":"https:\/\/latraversiere.fr\/wp-content\/uploads\/2021\/10\/TM139_Cover.jpg","width":595,"height":841,"caption":"Traversi\u00e8re Magazine N\u00b0139"},{"@type":"WebPage","@id":"https:\/\/latraversiere.fr\/boutique\/traversieres-magazine\/traversieres-magazine-n139\/#webpage","url":"https:\/\/latraversiere.fr\/boutique\/traversieres-magazine\/traversieres-magazine-n139\/","name":"Traversi\u00e8res Magazine N\u00b0139 - LA TRAVERSIERE The french flute association","isPartOf":{"@id":"https:\/\/latraversiere.fr\/#website"},"primaryImageOfPage":{"@id":"https:\/\/latraversiere.fr\/boutique\/traversieres-magazine\/traversieres-magazine-n139\/#primaryimage"},"datePublished":"2021-10-18T16:30:16+00:00","dateModified":"2022-06-04T07:13:28+00:00","description":"Au sommaire de ce num\u00e9ro : un portrait consacr\u00e9 \u00e0 Claudi Arimany \u00e0 l\u2019occasion de la sortie de l\u2019enregistrement int\u00e9gral des \u0153uvres pour fl\u00fbte des fr\u00e8res Doppler ; un dossier sur les \u0153uvres pour fl\u00fbte d\u2019Henri-Jacques De Cro\u00ebs illustr\u00e9 par l\u2019enregistrement du Concerto n\u00b0 1 interpr\u00e9t\u00e9 par Gaspar Hoyos ; un entretien avec Jean Br\u00e9gnac sur l\u2019enseignement de la fl\u00fbte baroque et l\u2019interview du c\u00e9l\u00e8bre facteur Bickford Brannen.Sans oublier les pr\u00e9sentations des derni\u00e8res parutions CD et partitions, la partition en encart central ainsi que nos offres sp\u00e9ciales sur les disques et partitions !","breadcrumb":{"@id":"https:\/\/latraversiere.fr\/boutique\/traversieres-magazine\/traversieres-magazine-n139\/#breadcrumb"},"inLanguage":"en-US","potentialAction":[{"@type":"ReadAction","target":["https:\/\/latraversiere.fr\/boutique\/traversieres-magazine\/traversieres-magazine-n139\/"]}]},{"@type":"BreadcrumbList","@id":"https:\/\/latraversiere.fr\/boutique\/traversieres-magazine\/traversieres-magazine-n139\/#breadcrumb","itemListElement":[{"@type":"ListItem","position":1,"name":"Accueil","item":"https:\/\/latraversiere.fr\/"},{"@type":"ListItem","position":2,"name":"Boutique","item":"https:\/\/latraversiere.fr\/en\/boutique\/"},{"@type":"ListItem","position":3,"name":"Traversi\u00e8res Magazine N\u00b0139"}]}]}},"_links":{"self":[{"href":"https:\/\/latraversiere.fr\/en\/wp-json\/wp\/v2\/product\/13128"}],"collection":[{"href":"https:\/\/latraversiere.fr\/en\/wp-json\/wp\/v2\/product"}],"about":[{"href":"https:\/\/latraversiere.fr\/en\/wp-json\/wp\/v2\/types\/product"}],"wp:featuredmedia":[{"embeddable":true,"href":"https:\/\/latraversiere.fr\/en\/wp-json\/wp\/v2\/media\/13129"}],"wp:attachment":[{"href":"https:\/\/latraversiere.fr\/en\/wp-json\/wp\/v2\/media?parent=13128"}],"curies":[{"name":"wp","href":"https:\/\/api.w.org\/{rel}","templated":true}]}}